{"id":8215,"date":"2025-02-20T10:42:40","date_gmt":"2025-02-20T09:42:40","guid":{"rendered":"https:\/\/www.kidstoo.ch\/ressources\/linvisible-elephant-violence-conjugale-quelles-consequences-sur-nos-enfants\/"},"modified":"2025-02-20T10:43:03","modified_gmt":"2025-02-20T09:43:03","slug":"linvisible-elephant-violence-conjugale-quelles-consequences-sur-nos-enfants","status":"publish","type":"ressources","link":"https:\/\/www.kidstoo.ch\/en\/ressources\/linvisible-elephant-violence-conjugale-quelles-consequences-sur-nos-enfants\/","title":{"rendered":"L&#8217;INVISIBLE \u00c9L\u00c9PHANT &#8211; violence conjugale, quelles \u00a0cons\u00e9quences sur nos enfants?\u00a0"},"content":{"rendered":"\n<p><strong>Synopsis :<\/strong> Les filles et les fils expos\u00e9.e.s \u00e0 la violence conjugale ne sont pas des t\u00e9moins passifs. Lorsqu&#8217;un climat de peur, d&#8217;ins\u00e9curit\u00e9 et de violence r\u00e8gne \u00e0 la maison, les enfants sont touch\u00e9s et deviennent des victimes \u00e0 part enti\u00e8re, tapies dans l&#8217;ombre. \u00ab Mon enfant n&#8217;a pas vu, mon enfant n&#8217;\u00e9tait pas l\u00e0 \u00bb. Les enfants sont frapp\u00e9s de plein fouet dans leur d\u00e9veloppement, leur psychisme et leur avenir. On ne les frappe pas directement et pourtant ils en subissent les cons\u00e9quences et parfois m\u00eame, elles restent une vie enti\u00e8re. D\u00e8s lors, quand une femme est rabaiss\u00e9e, maltrait\u00e9e, battue, comment peut-elle prot\u00e9ger son enfant ? S&#8217;agit-il d&#8217;une responsabilit\u00e9 individuelle ou soci\u00e9tale ?<\/p>\n\n\n\n<p>La campagne d&#8217;impact L&#8217;Invisible \u00c9l\u00e9phant met en lumi\u00e8re les cons\u00e9quences de la violence domestique sur les enfants, victimes invisibles de ce fl\u00e9au. Soutenue par diverses institutions, cette initiative vise \u00e0 sensibiliser et informer sur les effets d\u00e9vastateurs de la violence conjugale sur le d\u00e9veloppement psychologique et \u00e9motionnel des plus jeunes.<\/p>\n\n\n\n<p>Les t\u00e9moignages puissants recueillis dans le documentaire r\u00e9v\u00e8lent comment les enfants, bien qu&#8217;\u00e9pargn\u00e9s physiquement, subissent de plein fouet les r\u00e9percussions de la violence. Le film propose aussi des solutions pour briser ce cycle et appelle \u00e0 une prise de conscience collective.<\/p>\n\n\n\n<p>Cette campagne d&#8217;impact a \u00e9t\u00e9 rendue possible gr\u00e2ce au soutien du Bureau de la promotion de l\u2019\u00e9galit\u00e9 et de pr\u00e9vention des violences (BPEV) de la R\u00e9publique et canton de Gen\u00e8ve, ainsi que de la Ville de Gen\u00e8ve.<\/p>\n\n\n\n<p><em>Ce film se veut \u00eatre un outil de sensibilisation. Si vous souhaitez faire des projections au sein de vos institutions et\/ou de vos r\u00e9seaux, merci de nous \u00e9crire \u00e0 carrefours@alavistatv.net. <\/em><\/p>\n\n\n\n<p><\/p>\n","protected":false},"excerpt":{"rendered":"<p>Synopsis : Les filles et les fils expos\u00e9.e.s \u00e0 la violence conjugale ne sont pas des t\u00e9moins passifs. Lorsqu&#8217;un climat de peur, d&#8217;ins\u00e9curit\u00e9 et de violence r\u00e8gne \u00e0 la maison, les enfants sont touch\u00e9s et deviennent des victimes \u00e0 part enti\u00e8re, tapies dans l&#8217;ombre. \u00ab Mon enfant n&#8217;a pas vu, mon enfant n&#8217;\u00e9tait pas l\u00e0 [&hellip;]<\/p>\n","protected":false},"featured_media":8211,"parent":0,"menu_order":0,"template":"","format":"standard","meta":{"_acf_changed":false,"footnotes":""},"media-type":[596,587],"ressources-tags":[565,551],"class_list":["post-8215","ressources","type-ressources","status-publish","format-standard","has-post-thumbnail","hentry","media-type-outil-campagne-de-prevention-sensibilisation-en","media-type-video-en","ressources-tags-enfant-en","ressources-tags-violence-domestique-en"],"acf":[],"aioseo_notices":[],"_links":{"self":[{"href":"https:\/\/www.kidstoo.ch\/en\/wp-json\/wp\/v2\/ressources\/8215","targetHints":{"allow":["GET"]}}],"collection":[{"href":"https:\/\/www.kidstoo.ch\/en\/wp-json\/wp\/v2\/ressources"}],"about":[{"href":"https:\/\/www.kidstoo.ch\/en\/wp-json\/wp\/v2\/types\/ressources"}],"version-history":[{"count":1,"href":"https:\/\/www.kidstoo.ch\/en\/wp-json\/wp\/v2\/ressources\/8215\/revisions"}],"predecessor-version":[{"id":8217,"href":"https:\/\/www.kidstoo.ch\/en\/wp-json\/wp\/v2\/ressources\/8215\/revisions\/8217"}],"wp:featuredmedia":[{"embeddable":true,"href":"https:\/\/www.kidstoo.ch\/en\/wp-json\/wp\/v2\/media\/8211"}],"wp:attachment":[{"href":"https:\/\/www.kidstoo.ch\/en\/wp-json\/wp\/v2\/media?parent=8215"}],"wp:term":[{"taxonomy":"media-type","embeddable":true,"href":"https:\/\/www.kidstoo.ch\/en\/wp-json\/wp\/v2\/media-type?post=8215"},{"taxonomy":"ressources-tags","embeddable":true,"href":"https:\/\/www.kidstoo.ch\/en\/wp-json\/wp\/v2\/ressources-tags?post=8215"}],"curies":[{"name":"wp","href":"https:\/\/api.w.org\/{rel}","templated":true}]}}