{"id":10153,"date":"2025-09-03T09:12:37","date_gmt":"2025-09-03T07:12:37","guid":{"rendered":"https:\/\/www.kidstoo.ch\/ressources\/podcast-pourquoi-toujours-autant-de-feminicides\/"},"modified":"2025-09-03T09:13:46","modified_gmt":"2025-09-03T07:13:46","slug":"podcast-pourquoi-toujours-autant-de-feminicides","status":"publish","type":"ressources","link":"https:\/\/www.kidstoo.ch\/en\/ressources\/podcast-pourquoi-toujours-autant-de-feminicides\/","title":{"rendered":"Podcast &#8211; Pourquoi toujours autant de f\u00e9minicides?"},"content":{"rendered":"\n<p><a href=\"https:\/\/www.rts.ch\/audio-podcast\/2025\/audio\/pourquoi-toujours-autant-de-feminicides-28986583.html\">https:\/\/www.rts.ch\/audio-podcast\/2025\/audio\/pourquoi-toujours-autant-de-feminicides-28986583.html<\/a><\/p>\n\n\n\n<p>La Suisse a enregistr\u00e9 23 f\u00e9minicides depuis janvier 2025, d\u00e9passant d\u00e9j\u00e0 les chiffres des ann\u00e9es pr\u00e9c\u00e9dentes. Le Point J d\u00e9crypte ce ph\u00e9nom\u00e8ne avec Mathilde Boyer, avocate stagiaire et doctorante \u00e0 l&#8217;Universit\u00e9 de Lausanne, sp\u00e9cialiste des violences conjugales.<\/p>\n\n\n\n<p>&#8220;Il n&#8217;y a pas assez de mesures qui sont prises au niveau suisse, de mani\u00e8re globale et tenant compte de tous les acteurs du terrain pour vraiment mettre en place un suivi des violences d\u00e8s les premiers signes&#8221;, explique Mathilde Boyer. L&#8217;absence de statistiques officielles sur les f\u00e9minicides en Suisse complique la lutte contre ces crimes.<\/p>\n\n\n\n<p>Contrairement \u00e0 l&#8217;Espagne, pionni\u00e8re dans ce domaine, la Suisse n&#8217;a pas mis en place de surveillance \u00e9lectronique active des auteurs de violences. &#8220;En Espagne, depuis la mise en place du bracelet \u00e9lectronique actif, il n&#8217;y a pas eu de victimes qui b\u00e9n\u00e9ficiaient de cette mesure qui ont \u00e9t\u00e9 victimes de f\u00e9minicides&#8221;, souligne l&#8217;experte.<\/p>\n\n\n\n<blockquote class=\"wp-block-quote is-layout-flow wp-block-quote-is-layout-flow\">\n<p>En Suisse, c\u2019est \u00e0 la victime de prendre l\u2019initiative pour demander de l\u2019aide, qu\u2019il s\u2019agisse de la mise en place d\u2019un bracelet \u00e9lectronique ou de l\u2019expulsion du conjoint du logement commun. Une d\u00e9marche qui peut \u00eatre intimidanteMathilde Boyer, avocate-stagiaire et doctorante \u00e0 l\u2019Universit\u00e9 de Lausanne, o\u00f9 elle \u00e9crit une th\u00e8se sur la fa\u00e7on dont le droit p\u00e9nal traite les violences conjugales.<\/p>\n<\/blockquote>\n\n\n\n<p>Le budget allou\u00e9 par la Conf\u00e9d\u00e9ration \u00e0 la lutte contre les f\u00e9minicides semble insuffisant face \u00e0 l&#8217;ampleur du probl\u00e8me. &#8220;De nombreux domaines auraient besoin de plus de budget, que ce soit la pr\u00e9vention, la d\u00e9tection ou les foyers d&#8217;accueil&#8221;, d\u00e9taille Mathilde Boyer.<\/p>\n\n\n\n<p>N\u00e9anmoins, les choses \u00e9voluent aussi. En juin dernier, face au nombre \u00e9lev\u00e9 de f\u00e9minicides, la Conf\u00e9d\u00e9ration, les cantons et les communes ont d\u00e9fini trois mesures urgentes: augmenter le nombre de places dans les foyers d\u2019accueil, analyser syst\u00e9matiquement chaque f\u00e9minicide, et renforcer la pr\u00e9vention de la violence lors des phases de s\u00e9paration.<\/p>\n\n\n\n<p>Comment mieux prendre en charge les femmes lors des s\u00e9parations, p\u00e9riode particuli\u00e8rement \u00e0 risque? Comment fonctionne la surveillance active? Qu&#8217;est-ce que le contr\u00f4le coercitif?<\/p>\n\n\n\n<p>D\u2019autres Point J \u00e0 \u00e9couter :<\/p>\n\n\n\n<ul class=\"wp-block-list\">\n<li>Comment vont les gar\u00e7ons (s\u00e9rie Adolescence)?, 31 mars 2025<\/li>\n\n\n\n<li>Comment lutter vraiment contre les f\u00e9minicides?, 2 novembre 2021<\/li>\n\n\n\n<li>Pourquoi des hommes tuent des femmes?, 13 septembre 2022<\/li>\n<\/ul>\n\n\n\n<p><\/p>\n","protected":false},"excerpt":{"rendered":"<p>https:\/\/www.rts.ch\/audio-podcast\/2025\/audio\/pourquoi-toujours-autant-de-feminicides-28986583.html La Suisse a enregistr\u00e9 23 f\u00e9minicides depuis janvier 2025, d\u00e9passant d\u00e9j\u00e0 les chiffres des ann\u00e9es pr\u00e9c\u00e9dentes. Le Point J d\u00e9crypte ce ph\u00e9nom\u00e8ne avec Mathilde Boyer, avocate stagiaire et doctorante \u00e0 l&#8217;Universit\u00e9 de Lausanne, sp\u00e9cialiste des violences conjugales. &#8220;Il n&#8217;y a pas assez de mesures qui sont prises au niveau suisse, de mani\u00e8re globale et [&hellip;]<\/p>\n","protected":false},"featured_media":10149,"parent":0,"menu_order":0,"template":"","format":"standard","meta":{"_acf_changed":false,"footnotes":""},"media-type":[544],"ressources-tags":[542,551,624],"class_list":["post-10153","ressources","type-ressources","status-publish","format-standard","has-post-thumbnail","hentry","media-type-podcast-radio-en","ressources-tags-controle-coercitif-en","ressources-tags-violence-domestique-en","ressources-tags-feminicide-en"],"acf":[],"aioseo_notices":[],"_links":{"self":[{"href":"https:\/\/www.kidstoo.ch\/en\/wp-json\/wp\/v2\/ressources\/10153","targetHints":{"allow":["GET"]}}],"collection":[{"href":"https:\/\/www.kidstoo.ch\/en\/wp-json\/wp\/v2\/ressources"}],"about":[{"href":"https:\/\/www.kidstoo.ch\/en\/wp-json\/wp\/v2\/types\/ressources"}],"version-history":[{"count":1,"href":"https:\/\/www.kidstoo.ch\/en\/wp-json\/wp\/v2\/ressources\/10153\/revisions"}],"predecessor-version":[{"id":10155,"href":"https:\/\/www.kidstoo.ch\/en\/wp-json\/wp\/v2\/ressources\/10153\/revisions\/10155"}],"wp:featuredmedia":[{"embeddable":true,"href":"https:\/\/www.kidstoo.ch\/en\/wp-json\/wp\/v2\/media\/10149"}],"wp:attachment":[{"href":"https:\/\/www.kidstoo.ch\/en\/wp-json\/wp\/v2\/media?parent=10153"}],"wp:term":[{"taxonomy":"media-type","embeddable":true,"href":"https:\/\/www.kidstoo.ch\/en\/wp-json\/wp\/v2\/media-type?post=10153"},{"taxonomy":"ressources-tags","embeddable":true,"href":"https:\/\/www.kidstoo.ch\/en\/wp-json\/wp\/v2\/ressources-tags?post=10153"}],"curies":[{"name":"wp","href":"https:\/\/api.w.org\/{rel}","templated":true}]}}