{"id":9327,"date":"2025-05-31T09:16:22","date_gmt":"2025-05-31T07:16:22","guid":{"rendered":"https:\/\/www.kidstoo.ch\/ressources\/lenfant-face-a-la-violence-dans-le-couple\/"},"modified":"2025-05-31T09:17:25","modified_gmt":"2025-05-31T07:17:25","slug":"lenfant-face-a-la-violence-dans-le-couple","status":"publish","type":"ressources","link":"https:\/\/www.kidstoo.ch\/de\/ressources\/lenfant-face-a-la-violence-dans-le-couple\/","title":{"rendered":"L&#8217;enfant face \u00e0 la violence dans le couple"},"content":{"rendered":"\n<h2 class=\"wp-block-heading\">R\u00e9sum\u00e9<\/h2>\n\n\n\n<p>La violence dans le couple a longtemps \u00e9t\u00e9 consid\u00e9r\u00e9e comme une affaire ne concernant que les seuls adultes. Des \u00e9tudes internationales ont cependant prouv\u00e9 qu\u2019elle avait \u00e9galement de graves cons\u00e9quences sur le d\u00e9veloppement physique et psychologique de l\u2019enfant t\u00e9moin.<br>Les agressions physiques, sexuelles, verbales, psychologiques et \u00e9conomiques, cr\u00e9ent un climat de vie marqu\u00e9 au quotidien par l\u2019ins\u00e9curit\u00e9 et l\u2019instabilit\u00e9. Au coeur d\u2019enjeux familiaux, sociaux et judiciaires, l\u2019enfant se trouve, d\u00e8s son plus jeune \u00e2ge, menac\u00e9 dans son d\u00e9veloppement.<br><strong>Les implications psychologiques et m\u00e9dicales de la violence conjugale posent la question de la protection de l\u2019enfant : faut-il parler d\u2019une forme de maltraitance ?Quelles sont les r\u00e9ponses en France au plan social, judiciaire, th\u00e9rapeutique et politique ? Comment le probl\u00e8me est-il abord\u00e9 par les autres pays europ\u00e9ens ?<\/strong><br>Con\u00e7u pour les professionnels de la sant\u00e9, de la justice, de l\u2019\u00e9ducation, du secteur social et m\u00e9dico-social, cet ouvrage fait le point sur les connaissances actuelles et d\u00e9finit des axes de r\u00e9flexion pour am\u00e9liorer notre r\u00e9ponse aux besoins de ces enfants.<\/p>\n\n\n\n<p><\/p>\n","protected":false},"excerpt":{"rendered":"<p>R\u00e9sum\u00e9 La violence dans le couple a longtemps \u00e9t\u00e9 consid\u00e9r\u00e9e comme une affaire ne concernant que les seuls adultes. Des \u00e9tudes internationales ont cependant prouv\u00e9 qu\u2019elle avait \u00e9galement de graves cons\u00e9quences sur le d\u00e9veloppement physique et psychologique de l\u2019enfant t\u00e9moin.Les agressions physiques, sexuelles, verbales, psychologiques et \u00e9conomiques, cr\u00e9ent un climat de vie marqu\u00e9 au quotidien [&hellip;]<\/p>\n","protected":false},"featured_media":9322,"parent":0,"menu_order":0,"template":"","format":"standard","meta":{"_acf_changed":false,"footnotes":""},"media-type":[541],"ressources-tags":[554,566],"class_list":["post-9327","ressources","type-ressources","status-publish","format-standard","has-post-thumbnail","hentry","media-type-livre-de","ressources-tags-violence-domestique-de","ressources-tags-enfant-de"],"acf":[],"aioseo_notices":[],"_links":{"self":[{"href":"https:\/\/www.kidstoo.ch\/de\/wp-json\/wp\/v2\/ressources\/9327","targetHints":{"allow":["GET"]}}],"collection":[{"href":"https:\/\/www.kidstoo.ch\/de\/wp-json\/wp\/v2\/ressources"}],"about":[{"href":"https:\/\/www.kidstoo.ch\/de\/wp-json\/wp\/v2\/types\/ressources"}],"version-history":[{"count":2,"href":"https:\/\/www.kidstoo.ch\/de\/wp-json\/wp\/v2\/ressources\/9327\/revisions"}],"predecessor-version":[{"id":9332,"href":"https:\/\/www.kidstoo.ch\/de\/wp-json\/wp\/v2\/ressources\/9327\/revisions\/9332"}],"wp:featuredmedia":[{"embeddable":true,"href":"https:\/\/www.kidstoo.ch\/de\/wp-json\/wp\/v2\/media\/9322"}],"wp:attachment":[{"href":"https:\/\/www.kidstoo.ch\/de\/wp-json\/wp\/v2\/media?parent=9327"}],"wp:term":[{"taxonomy":"media-type","embeddable":true,"href":"https:\/\/www.kidstoo.ch\/de\/wp-json\/wp\/v2\/media-type?post=9327"},{"taxonomy":"ressources-tags","embeddable":true,"href":"https:\/\/www.kidstoo.ch\/de\/wp-json\/wp\/v2\/ressources-tags?post=9327"}],"curies":[{"name":"wp","href":"https:\/\/api.w.org\/{rel}","templated":true}]}}