{"id":8576,"date":"2025-03-23T21:24:37","date_gmt":"2025-03-23T20:24:37","guid":{"rendered":"https:\/\/www.kidstoo.ch\/ressources\/sous-controle-coercitif-arte-radio\/"},"modified":"2025-03-23T21:24:37","modified_gmt":"2025-03-23T20:24:37","slug":"sous-controle-coercitif-arte-radio","status":"publish","type":"ressources","link":"https:\/\/www.kidstoo.ch\/de\/ressources\/sous-controle-coercitif-arte-radio\/","title":{"rendered":"Sous contr\u00f4le coercitif &#8211; ARTE RADIO"},"content":{"rendered":"\n<h2 class=\"wp-block-heading\"><a href=\"https:\/\/www.arteradio.com\/son\/sous-controle-coercitif\" title=\"\">1) R\u00e9v\u00e9ler la m\u00e9canique de la pr\u00e9dation, l&#8217;isolement et l&#8217;emprise<\/a><a href=\"https:\/\/www.arteradio.com\/author\/andreea-gruev-vintila\"><\/a><\/h2>\n\n\n\n<p>En mai 2024, Isild Le Besco porte plainte pour viol sur mineure de plus de 15 ans contre Beno\u00eet Jacquot, pour qui elle a jou\u00e9 dans cinq films. Poursuivant la r\u00e9flexion men\u00e9e dans son ouvrage <em>Dire vrai<\/em>, paru aux \u00e9ditions Deno\u00ebl en mai 2024, la cin\u00e9aste revient ici sur son enfance, son m\u00e9tier en tant qu\u2019actrice et sa vie de famille.<\/p>\n\n\n\n<p>D\u00e9crivant sa relation avec le r\u00e9alisateur marqu\u00e9e par des d\u00e9s\u00e9quilibres d&#8217;\u00e2ge, de statut et de pouvoir, elle met en lumi\u00e8re le m\u00e9canisme par lesquels plusieurs hommes ont r\u00e9ussi \u00e0 la chosifier. Son t\u00e9moignage illustre pr\u00e9cis\u00e9ment ce que la psychologue sociale Andreea Gruev-Vintila appelle \u00ab contr\u00f4le coercitif \u00bb : un sch\u00e9ma de comportement par lequel des hommes obtiennent le monopole sur les ressources disponibles dans la relation ou chez la femme, par une s\u00e9rie d\u2019actes qui finissent par \u00e9puiser, emprisonner, d\u00e9grader et chosifier la victime.<\/p>\n\n\n\n<p>Leur conversation d\u00e9voile non seulement ce que la violence conjugale fait aux victimes, mais aussi ce qu\u2019elle leur retire : libert\u00e9 de penser et d\u2019agir, auto-d\u00e9termination, ressources, estime de soi\u2026 Elle devient ainsi un phare d&#8217;espoir pour les personnes prises dans cet \u00e9tau invisible.<\/p>\n\n\n\n<p>Le &#8220;contr\u00f4le coercitif&#8221; est inscrit l\u00e9galement dans plusieurs pays : Angleterre, Ecosse, Belgique, Canada. Cette approche plus globale de la violence conjugale comme atteinte aux droits humains \u00e9claire le sch\u00e9ma de comportement des agresseurs et les cons\u00e9quences durables et d\u00e9vastatrices sur les victimes, disproportionnellement des femmes, singuli\u00e8rement des m\u00e8res et indissociablement des enfants.<\/p>\n\n\n\n<p>Depuis le 28 janvier 2025, le &#8220;contr\u00f4le coercitif&#8221; est entr\u00e9 dans le droit fran\u00e7ais. La d\u00e9finition retenue par l&#8217;Assembl\u00e9e nationale devrait \u00e9voluer au fil de la navette parlementaire.<\/p>\n\n\n\n<h2 class=\"wp-block-heading\"><a href=\"https:\/\/www.arteradio.com\/son\/sous-controle-coercitif-2-2\" title=\"\">2) Prot\u00e9ger nos enfants<\/a><a href=\"https:\/\/www.arteradio.com\/author\/andreea-gruev-vintila\"><\/a><\/h2>\n\n\n\n<p>Dans ce deuxi\u00e8me volet, Isild Le Besco, Andreea Gruev-Vintila et L\u00e9onor Graser approfondissent l&#8217;analyse : pourquoi les femmes et les m\u00e8res sont-elles davantage touch\u00e9es par le ph\u00e9nom\u00e8ne ? Quels sont les impacts sur les enfants ? Et comment la justice, les forces de l&#8217;ordre et la protection de l&#8217;enfance r\u00e9ceptionnent-ils ce type de violences ?<\/p>\n","protected":false},"excerpt":{"rendered":"<p>1) R\u00e9v\u00e9ler la m\u00e9canique de la pr\u00e9dation, l&#8217;isolement et l&#8217;emprise En mai 2024, Isild Le Besco porte plainte pour viol sur mineure de plus de 15 ans contre Beno\u00eet Jacquot, pour qui elle a jou\u00e9 dans cinq films. Poursuivant la r\u00e9flexion men\u00e9e dans son ouvrage Dire vrai, paru aux \u00e9ditions Deno\u00ebl en mai 2024, la [&hellip;]<\/p>\n","protected":false},"featured_media":8572,"parent":0,"menu_order":0,"template":"","format":"standard","meta":{"_acf_changed":false,"footnotes":""},"media-type":[545],"ressources-tags":[554,566,543],"class_list":["post-8576","ressources","type-ressources","status-publish","format-standard","has-post-thumbnail","hentry","media-type-podcast-radio-de","ressources-tags-violence-domestique-de","ressources-tags-enfant-de","ressources-tags-controle-coercitif-de"],"acf":[],"aioseo_notices":[],"_links":{"self":[{"href":"https:\/\/www.kidstoo.ch\/de\/wp-json\/wp\/v2\/ressources\/8576","targetHints":{"allow":["GET"]}}],"collection":[{"href":"https:\/\/www.kidstoo.ch\/de\/wp-json\/wp\/v2\/ressources"}],"about":[{"href":"https:\/\/www.kidstoo.ch\/de\/wp-json\/wp\/v2\/types\/ressources"}],"version-history":[{"count":0,"href":"https:\/\/www.kidstoo.ch\/de\/wp-json\/wp\/v2\/ressources\/8576\/revisions"}],"wp:featuredmedia":[{"embeddable":true,"href":"https:\/\/www.kidstoo.ch\/de\/wp-json\/wp\/v2\/media\/8572"}],"wp:attachment":[{"href":"https:\/\/www.kidstoo.ch\/de\/wp-json\/wp\/v2\/media?parent=8576"}],"wp:term":[{"taxonomy":"media-type","embeddable":true,"href":"https:\/\/www.kidstoo.ch\/de\/wp-json\/wp\/v2\/media-type?post=8576"},{"taxonomy":"ressources-tags","embeddable":true,"href":"https:\/\/www.kidstoo.ch\/de\/wp-json\/wp\/v2\/ressources-tags?post=8576"}],"curies":[{"name":"wp","href":"https:\/\/api.w.org\/{rel}","templated":true}]}}