{"id":8463,"date":"2025-03-06T13:13:16","date_gmt":"2025-03-06T12:13:16","guid":{"rendered":"https:\/\/www.kidstoo.ch\/ressources\/conference-violence-dans-le-couple-faisons-place-a-la-parole-des-enfants\/"},"modified":"2025-03-06T13:13:33","modified_gmt":"2025-03-06T12:13:33","slug":"conference-violence-dans-le-couple-faisons-place-a-la-parole-des-enfants","status":"publish","type":"ressources","link":"https:\/\/www.kidstoo.ch\/de\/ressources\/conference-violence-dans-le-couple-faisons-place-a-la-parole-des-enfants\/","title":{"rendered":"Conf\u00e9rence \u00abViolence dans le couple : faisons place \u00e0 la parole des enfants\u00bb"},"content":{"rendered":"\n<p>Pr\u00e8s de 400 personnes issues des milieux de la sant\u00e9, du social et du judiciaire ont particip\u00e9 au colloque organis\u00e9 lundi 25 novembre 2024 au CHUV, sur le th\u00e8me \u00ab Violence dans le couple : faisons place \u00e0 la parole des enfants \u00bb.<\/p>\n\n\n\n<p>Les femmes repr\u00e9sentent plus de 70% des personnes l\u00e9s\u00e9es dans les affaires de violence au sein du couple. De m\u00eame, parmi les personnes consultant \u00e0 l\u2019Unit\u00e9 de m\u00e9decine des violences (UMV) du CHUV, plus de 70% sont m\u00e8res d\u2019au moins un enfant. A l\u2019occasion de la Journ\u00e9e internationale pour l\u2019\u00e9limination des violences \u00e0 l\u2019\u00e9gard des femmes, le Bureau de l\u2019\u00e9galit\u00e9 entre les femmes et les hommes (BEFH) et l\u2019UMV ont choisi de mettre en lumi\u00e8re la parole des enfants expos\u00e9s \u00e0 la violence dans le couple, en y consacrant une journ\u00e9e de colloque interdisciplinaire.<\/p>\n\n\n\n<p>Cette journ\u00e9e a permis \u00e0 l\u2019UMV de pr\u00e9senter les <a href=\"https:\/\/www.curml.ch\/sites\/default\/files\/fichiers\/documents\/UMV\/Rapport_Etude_Violence_Couple_Experience_Enfants_112024.pdf\" target=\"_blank\" rel=\"noreferrer noopener\">r\u00e9sultats de la 3e phase de son \u00e9tude sur l\u2019exposition des enfants \u00e0 la violence dans le couple<\/a>, qui a donn\u00e9 la parole \u00e0 des jeunes expos\u00e9s \u00e0 la violence domestique dans leur enfance. Cette recherche a recueilli leur exp\u00e9rience, les ressources sur lesquelles ils et elles ont pu s\u2019appuyer, ainsi que leurs besoins dans un tel contexte.<\/p>\n\n\n\n<p>Elle a \u00e9galement \u00e9t\u00e9 l\u2019occasion de croiser les regards sur le th\u00e8me de la parole des enfants expos\u00e9s \u00e0 la violence dans le couple. La d\u00e9tection, l\u2019orientation et la prise en charge dans le canton de Vaud a \u00e9t\u00e9 abord\u00e9e au travers des interventions du CanTeam (CHUV), ainsi que de la Direction de l\u2019enfance et de la Jeunesse (DGEJ) et de l\u2019Ordre judiciaire vaudois (OJV). Des innovations pratiques d\u00e9velopp\u00e9es \u00e0 l\u2019international ont \u00e9galement \u00e9t\u00e9 abord\u00e9es, avec la pr\u00e9sentation d\u2019un dispositif hospitalier m\u00e9dico-l\u00e9gal sp\u00e9cialis\u00e9 autour de l\u2019enfant (Unit\u00e9 d\u2019Accueil P\u00e9diatrique Enfance en Danger, Centre hospitalier universitaire d\u2019Orl\u00e9ans, France) ou encore du mod\u00e8le de protection de l\u2019enfant en contexte de violence conjugale (PEVC, Canada).<\/p>\n\n\n\n<p>Les diff\u00e9rents sujets abord\u00e9s lors des interventions ont \u00e9t\u00e9 approfondis lors de riches moments d\u2019\u00e9change avec le public.<\/p>\n\n\n\n<p>Programme de la journ\u00e9e <a href=\"https:\/\/www.kidstoo.ch\/app\/uploads\/Programme_25nov24.pdf\" title=\"\">ICI<\/a><\/p>\n\n\n\n<p>T\u00e9l\u00e9chargez les interventions de la journ\u00e9e :<\/p>\n\n\n\n<ul class=\"wp-block-list\">\n<li><a href=\"https:\/\/www.kidstoo.ch\/app\/uploads\/25.11.2024_UMV_1._Experience_des_enfants_exposes_a_la_violence_dans_le_couple.pdf\" title=\"\">Pr\u00e9sentation UMV_1. Exp\u00e9rience des enfants expos\u00e9s \u00e0 la violence dans le couple<\/a><\/li>\n\n\n\n<li><a href=\"https:\/\/www.kidstoo.ch\/app\/uploads\/25.11.2024__Dre_B._Tisseron_Consequences_enfants_co-victimes.pdf\" title=\"\">Pr\u00e9sentation Dre B. Tisseron_Cons\u00e9quences enfants co-victimes<\/a><\/li>\n\n\n\n<li><a href=\"https:\/\/www.kidstoo.ch\/app\/uploads\/25.11.2024_UMV_2._Ressources_et_besoins_des_enfants_exposes.pdf\" title=\"\">Pr\u00e9sentation UMV_2. Ressources et besoins des enfants expos\u00e9s<\/a><\/li>\n\n\n\n<li><a href=\"https:\/\/www.kidstoo.ch\/app\/uploads\/25.11.2024_CanTeam__Consultation_pediatrique_enfants_exposes.pdf\" title=\"\">Pr\u00e9sentation CanTeam\u00ad_Consultation p\u00e9diatrique enfants expos\u00e9s<\/a><\/li>\n\n\n\n<li><a href=\"https:\/\/www.kidstoo.ch\/app\/uploads\/25.11.2024_DGEJ_Participation_de_lenfant_dans_les_mesures_de_protection.pdf\" title=\"\">Pr\u00e9sentation DGEJ_Participation de l\u2019enfant dans les mesures de protection<\/a><\/li>\n\n\n\n<li><a href=\"https:\/\/www.kidstoo.ch\/app\/uploads\/25.11.2024_S._Lapierre_Modele_PEVC.pdf\" title=\"\">Pr\u00e9sentation S. Lapierre_Mod\u00e8le PEVC<\/a><\/li>\n\n\n\n<li><a href=\"https:\/\/www.kidstoo.ch\/app\/uploads\/25.11.2024_M.P._Bernel__Le_traitement_judiciaire_dela_parole_de_l_enfant.pdf\" title=\"\">Pr\u00e9sentation M.P. Bernel_ Le traitement judiciaire dela parole de l&#8217;enfant<\/a><\/li>\n<\/ul>\n\n\n\n<p>T\u00e9l\u00e9chargez la synth\u00e8se des interventions de la journ\u00e9e <a href=\"https:\/\/www.kidstoo.ch\/app\/uploads\/Synthese_25.11.2024_Violence_couple_Place_a_la_parole_de_l_enfant.pdf\" title=\"\">ICI<\/a><\/p>\n\n\n\n<figure class=\"wp-block-image size-full\"><img loading=\"lazy\" decoding=\"async\" width=\"1600\" height=\"1067\" src=\"https:\/\/www.kidstoo.ch\/app\/uploads\/csm_Image_Actu_Web_BEFH_CHUV_fddeb212c9-1.jpg\" alt=\"\" class=\"wp-image-8457\" srcset=\"https:\/\/www.kidstoo.ch\/app\/uploads\/csm_Image_Actu_Web_BEFH_CHUV_fddeb212c9-1.jpg 1600w, https:\/\/www.kidstoo.ch\/app\/uploads\/csm_Image_Actu_Web_BEFH_CHUV_fddeb212c9-1-300x200.jpg 300w, https:\/\/www.kidstoo.ch\/app\/uploads\/csm_Image_Actu_Web_BEFH_CHUV_fddeb212c9-1-1024x683.jpg 1024w, https:\/\/www.kidstoo.ch\/app\/uploads\/csm_Image_Actu_Web_BEFH_CHUV_fddeb212c9-1-768x512.jpg 768w, https:\/\/www.kidstoo.ch\/app\/uploads\/csm_Image_Actu_Web_BEFH_CHUV_fddeb212c9-1-1536x1024.jpg 1536w, https:\/\/www.kidstoo.ch\/app\/uploads\/csm_Image_Actu_Web_BEFH_CHUV_fddeb212c9-1-450x300.jpg 450w\" sizes=\"auto, (max-width: 1600px) 100vw, 1600px\" \/><\/figure>\n","protected":false},"excerpt":{"rendered":"<p>Pr\u00e8s de 400 personnes issues des milieux de la sant\u00e9, du social et du judiciaire ont particip\u00e9 au colloque organis\u00e9 lundi 25 novembre 2024 au CHUV, sur le th\u00e8me \u00ab Violence dans le couple : faisons place \u00e0 la parole des enfants \u00bb. Les femmes repr\u00e9sentent plus de 70% des personnes l\u00e9s\u00e9es dans les affaires [&hellip;]<\/p>\n","protected":false},"featured_media":8455,"parent":0,"menu_order":0,"template":"","format":"standard","meta":{"_acf_changed":false,"footnotes":""},"media-type":[593],"ressources-tags":[554,566],"class_list":["post-8463","ressources","type-ressources","status-publish","format-standard","has-post-thumbnail","hentry","media-type-conference-webinaire-de","ressources-tags-violence-domestique-de","ressources-tags-enfant-de"],"acf":[],"aioseo_notices":[],"_links":{"self":[{"href":"https:\/\/www.kidstoo.ch\/de\/wp-json\/wp\/v2\/ressources\/8463","targetHints":{"allow":["GET"]}}],"collection":[{"href":"https:\/\/www.kidstoo.ch\/de\/wp-json\/wp\/v2\/ressources"}],"about":[{"href":"https:\/\/www.kidstoo.ch\/de\/wp-json\/wp\/v2\/types\/ressources"}],"version-history":[{"count":1,"href":"https:\/\/www.kidstoo.ch\/de\/wp-json\/wp\/v2\/ressources\/8463\/revisions"}],"predecessor-version":[{"id":8465,"href":"https:\/\/www.kidstoo.ch\/de\/wp-json\/wp\/v2\/ressources\/8463\/revisions\/8465"}],"wp:featuredmedia":[{"embeddable":true,"href":"https:\/\/www.kidstoo.ch\/de\/wp-json\/wp\/v2\/media\/8455"}],"wp:attachment":[{"href":"https:\/\/www.kidstoo.ch\/de\/wp-json\/wp\/v2\/media?parent=8463"}],"wp:term":[{"taxonomy":"media-type","embeddable":true,"href":"https:\/\/www.kidstoo.ch\/de\/wp-json\/wp\/v2\/media-type?post=8463"},{"taxonomy":"ressources-tags","embeddable":true,"href":"https:\/\/www.kidstoo.ch\/de\/wp-json\/wp\/v2\/ressources-tags?post=8463"}],"curies":[{"name":"wp","href":"https:\/\/api.w.org\/{rel}","templated":true}]}}