{"id":8191,"date":"2025-02-20T10:04:02","date_gmt":"2025-02-20T09:04:02","guid":{"rendered":"https:\/\/www.kidstoo.ch\/ressources\/podcast-a-coeurs-et-a-cris-sur-les-violences-conjugales-cest-quoi-le-controle-coercitif\/"},"modified":"2025-02-20T10:04:31","modified_gmt":"2025-02-20T09:04:31","slug":"podcast-a-coeurs-et-a-cris-sur-les-violences-conjugales-cest-quoi-le-controle-coercitif","status":"publish","type":"ressources","link":"https:\/\/www.kidstoo.ch\/de\/ressources\/podcast-a-coeurs-et-a-cris-sur-les-violences-conjugales-cest-quoi-le-controle-coercitif\/","title":{"rendered":"Podcast &#8220;\u00c0 c\u0153urs et \u00e0 cris&#8221; sur les violences conjugales\u00a0: c&#8217;est quoi le contr\u00f4le coercitif\u00a0?"},"content":{"rendered":"\n<p>Pendant plusieurs mois, St\u00e9phanie Grosjean et Eva Seker, journalistes ind\u00e9pendantes, ont enqu\u00eat\u00e9 sur la prise en charge des victimes de violences conjugales, en Belgique francophone. L\u2019enqu\u00eate se construit autour du r\u00e9cit de Sasha, Victoria, Isabelle et Sandrine qui en sont\/ont \u00e9t\u00e9 victimes (noms d\u2019emprunts). Leur parcours met en lumi\u00e8re les m\u00e9canismes des relations affectives violentes, et la mani\u00e8re dont un cycle infernal s\u2019installe au sein du couple, et par ricochet, au sein de la vie de famille.<br>Ces quatre histoires intimes illustrent et questionnent le fonctionnement des diff\u00e9rents lieux de prise en charge des victimes : services de police, ligne d\u2019\u00e9coute, associations de victimes, maison d\u2019accueil, tribunal p\u00e9nal et tribunal de la famille\u2026 L\u2019enqu\u00eate cherche \u00e0 comprendre comment notre syst\u00e8me prot\u00e8ge les victimes et leurs enfants, emp\u00eache la r\u00e9cidive, responsabilise les auteurs. Sachant que depuis 2023, la Belgique est le premier pays europ\u00e9en \u00e0 adopter une loi-cadre Stop f\u00e9minicide. Avec quel impact ?<br>Cette investigation racont\u00e9e \u00e0 deux voix veut sortir des pr\u00e9jug\u00e9s sur les violences conjugales, informer sur ces situations complexes encore taboues. L\u2019objectif est aussi de r\u00e9pondre de mani\u00e8re constructive \u00e0 la question : quelles solutions pour une prise en charge toujours fonctionnelle ?<\/p>\n\n\n\n<p>Episode 1 : Le contr\u00f4le coercitif<\/p>\n\n\n\n<p>Episode 2 : Vers qui se tourner ?<\/p>\n\n\n\n<p>Episode 3 : Que fait la justice ?<\/p>\n\n\n\n<p>Episode 4 : Comment prot\u00e9ger les enfants ?<\/p>\n\n\n\n<p>Episode 5 : Que faire des hommes violents ?<\/p>\n\n\n\n<p>Episode 6 : R\u00e9apprendre \u00e0 vivre<\/p>\n\n\n\n<p><\/p>\n","protected":false},"excerpt":{"rendered":"<p>Pendant plusieurs mois, St\u00e9phanie Grosjean et Eva Seker, journalistes ind\u00e9pendantes, ont enqu\u00eat\u00e9 sur la prise en charge des victimes de violences conjugales, en Belgique francophone. L\u2019enqu\u00eate se construit autour du r\u00e9cit de Sasha, Victoria, Isabelle et Sandrine qui en sont\/ont \u00e9t\u00e9 victimes (noms d\u2019emprunts). Leur parcours met en lumi\u00e8re les m\u00e9canismes des relations affectives violentes, [&hellip;]<\/p>\n","protected":false},"featured_media":8187,"parent":0,"menu_order":0,"template":"","format":"standard","meta":{"_acf_changed":false,"footnotes":""},"media-type":[545],"ressources-tags":[554,578,543],"class_list":["post-8191","ressources","type-ressources","status-publish","format-standard","has-post-thumbnail","hentry","media-type-podcast-radio-de","ressources-tags-violence-domestique-de","ressources-tags-justice-de","ressources-tags-controle-coercitif-de"],"acf":[],"aioseo_notices":[],"_links":{"self":[{"href":"https:\/\/www.kidstoo.ch\/de\/wp-json\/wp\/v2\/ressources\/8191","targetHints":{"allow":["GET"]}}],"collection":[{"href":"https:\/\/www.kidstoo.ch\/de\/wp-json\/wp\/v2\/ressources"}],"about":[{"href":"https:\/\/www.kidstoo.ch\/de\/wp-json\/wp\/v2\/types\/ressources"}],"version-history":[{"count":1,"href":"https:\/\/www.kidstoo.ch\/de\/wp-json\/wp\/v2\/ressources\/8191\/revisions"}],"predecessor-version":[{"id":8193,"href":"https:\/\/www.kidstoo.ch\/de\/wp-json\/wp\/v2\/ressources\/8191\/revisions\/8193"}],"wp:featuredmedia":[{"embeddable":true,"href":"https:\/\/www.kidstoo.ch\/de\/wp-json\/wp\/v2\/media\/8187"}],"wp:attachment":[{"href":"https:\/\/www.kidstoo.ch\/de\/wp-json\/wp\/v2\/media?parent=8191"}],"wp:term":[{"taxonomy":"media-type","embeddable":true,"href":"https:\/\/www.kidstoo.ch\/de\/wp-json\/wp\/v2\/media-type?post=8191"},{"taxonomy":"ressources-tags","embeddable":true,"href":"https:\/\/www.kidstoo.ch\/de\/wp-json\/wp\/v2\/ressources-tags?post=8191"}],"curies":[{"name":"wp","href":"https:\/\/api.w.org\/{rel}","templated":true}]}}