{"id":7660,"date":"2025-02-12T08:36:40","date_gmt":"2025-02-12T07:36:40","guid":{"rendered":"https:\/\/www.kidstoo.ch\/ressources\/sa-preferee\/"},"modified":"2025-02-13T10:39:27","modified_gmt":"2025-02-13T09:39:27","slug":"sa-preferee","status":"publish","type":"ressources","link":"https:\/\/www.kidstoo.ch\/de\/ressources\/sa-preferee\/","title":{"rendered":"Sa pr\u00e9f\u00e9r\u00e9e"},"content":{"rendered":"\n<p><strong>R\u00e9sum\u00e9<\/strong><br>Dans ce village haut perch\u00e9 des montagnes valaisannes, tout se sait, et personne ne dit rien. Jeanne, la narratrice, apprend t\u00f4t \u00e0 esquiver la brutalit\u00e9 perverse de son p\u00e8re. Si sa m\u00e8re et sa soeur se r\u00e9signent aux coups et \u00e0 la d\u00e9ferlante des mots orduriers, elle lui tient t\u00eate. Un jour, pour une r\u00e9ponse p\u00e9remptoire prononc\u00e9e avec l\u2019assurance de ses huit ans, il la tabasse. Convaincue que le m\u00e9decin du village, appel\u00e9 \u00e0 son chevet, va mettre fin au cauchemar, elle est sid\u00e9r\u00e9e par son silence. D\u00e8s lors, la haine de son p\u00e8re et le d\u00e9go\u00fbt face \u00e0 tant de l\u00e2chet\u00e9 vont servir de viatique \u00e0 Jeanne. A l\u2019Ecole normale d\u2019instituteurs de Sion, elle vit cinq ann\u00e9es de r\u00e9pit. Mais le suicide de sa soeur agit comme une insoutenable r\u00e9plique de la violence fondatrice. R\u00e9fugi\u00e9e \u00e0 Lausanne, la jeune femme, que le moindre bruit fait toujours sursauter, trouve enfin une forme d\u2019apaisement. Le plaisir de nager dans le lac L\u00e9man est le seul qu\u2019elle s\u2019accorde. Habit\u00e9e par sa rage d\u2019oublier et de vivre, elle se laisse pourtant approcher par un cercle d\u2019\u00eatres bienveillants que sa sauvagerie n\u2019effraie pas, s\u2019essayant m\u00eame \u00e0 une vie amoureuse. Dans une langue \u00e2pre, syncop\u00e9e, Sarah Jollien-Fardel dit avec force le prix \u00e0 payer pour cette \u00e9mancipation \u00e0 marche forc\u00e9e. Car le pass\u00e9 inlassablement s\u2019invite. Sa pr\u00e9f\u00e9r\u00e9e est un roman puissant sur l\u2019appartenance \u00e0 une terre natale, o\u00f9 Jeanne n\u2019aura de cesse de revenir, aimant\u00e9e par son amour pour sa m\u00e8re et la culpabilit\u00e9 de n\u2019avoir su la prot\u00e9ger de son destin.<\/p>\n\n\n\n<p><br><strong>L\u2019auteure<\/strong><br>N\u00e9e en 1971, Sarah Jollien-Fardel a grandi dans un village du district d\u2019H\u00e9rens, en Valais. Apr\u00e8s avoir v\u00e9cu plusieurs ann\u00e9es \u00e0 Lausanne, elle s\u2019est r\u00e9install\u00e9e dans son canton d\u2019origine. Sa pr\u00e9f\u00e9r\u00e9e est son premier roman.<\/p>\n\n\n\n<p><\/p>\n","protected":false},"excerpt":{"rendered":"<p>R\u00e9sum\u00e9Dans ce village haut perch\u00e9 des montagnes valaisannes, tout se sait, et personne ne dit rien. Jeanne, la narratrice, apprend t\u00f4t \u00e0 esquiver la brutalit\u00e9 perverse de son p\u00e8re. Si sa m\u00e8re et sa soeur se r\u00e9signent aux coups et \u00e0 la d\u00e9ferlante des mots orduriers, elle lui tient t\u00eate. Un jour, pour une r\u00e9ponse [&hellip;]<\/p>\n","protected":false},"featured_media":5414,"parent":0,"menu_order":0,"template":"","format":"standard","meta":{"_acf_changed":false,"footnotes":""},"media-type":[541],"ressources-tags":[572],"class_list":["post-7660","ressources","type-ressources","status-publish","format-standard","has-post-thumbnail","hentry","media-type-livre-de","ressources-tags-roman-de"],"acf":[],"aioseo_notices":[],"_links":{"self":[{"href":"https:\/\/www.kidstoo.ch\/de\/wp-json\/wp\/v2\/ressources\/7660","targetHints":{"allow":["GET"]}}],"collection":[{"href":"https:\/\/www.kidstoo.ch\/de\/wp-json\/wp\/v2\/ressources"}],"about":[{"href":"https:\/\/www.kidstoo.ch\/de\/wp-json\/wp\/v2\/types\/ressources"}],"version-history":[{"count":1,"href":"https:\/\/www.kidstoo.ch\/de\/wp-json\/wp\/v2\/ressources\/7660\/revisions"}],"predecessor-version":[{"id":7662,"href":"https:\/\/www.kidstoo.ch\/de\/wp-json\/wp\/v2\/ressources\/7660\/revisions\/7662"}],"wp:featuredmedia":[{"embeddable":true,"href":"https:\/\/www.kidstoo.ch\/de\/wp-json\/wp\/v2\/media\/5414"}],"wp:attachment":[{"href":"https:\/\/www.kidstoo.ch\/de\/wp-json\/wp\/v2\/media?parent=7660"}],"wp:term":[{"taxonomy":"media-type","embeddable":true,"href":"https:\/\/www.kidstoo.ch\/de\/wp-json\/wp\/v2\/media-type?post=7660"},{"taxonomy":"ressources-tags","embeddable":true,"href":"https:\/\/www.kidstoo.ch\/de\/wp-json\/wp\/v2\/ressources-tags?post=7660"}],"curies":[{"name":"wp","href":"https:\/\/api.w.org\/{rel}","templated":true}]}}