{"id":7617,"date":"2025-02-11T08:31:15","date_gmt":"2025-02-11T07:31:15","guid":{"rendered":"https:\/\/www.kidstoo.ch\/ressources\/reperer-et-eviter-les-douces-violences-dans-lanodin-du-quotidien\/"},"modified":"2025-02-13T10:38:38","modified_gmt":"2025-02-13T09:38:38","slug":"reperer-et-eviter-les-douces-violences-dans-lanodin-du-quotidien","status":"publish","type":"ressources","link":"https:\/\/www.kidstoo.ch\/de\/ressources\/reperer-et-eviter-les-douces-violences-dans-lanodin-du-quotidien\/","title":{"rendered":"Rep\u00e9rer et \u00e9viter les douces violences dans l\u2019anodin du quotidien"},"content":{"rendered":"\n<p>Apr\u00e8s le succ\u00e8s de ses premiers ouvrages, Vivre en Cr\u00e8che, Rem\u00e9dier aux douces violences et R\u00e9aliser un projet accueil petite enfance, Christine Schuhl continue de bousculer notre confort. La voici \u00e0 pr\u00e9sent tourn\u00e9e vers notre quotidien. Que ce soit autour du b\u00e9b\u00e9, de l\u2019adolescent, de l\u2019adulte ou de la personne vieillissante, des paroles, des gestes, des attitudes blessantes parasitent nos relations. \u00ab Les douces Violences \u00bb semblent envahir notre vie\u2026 La vigueur des r\u00e9actions autour de cette th\u00e9matique des douces violences et l\u2019accompagnement de nombreux professionnels de l\u2019enfance ont pouss\u00e9 Christine Schuhl \u00e0 entreprendre cet ouvrage afin que notre regard change. C\u2019est dans cet objectif que chaque bande dessin\u00e9e a pour but d\u2019interpeller notre bon sens. Ce livre tendre et profond touche notre histoire, parce qu\u2019il est tir\u00e9 d\u2019un quotidien\u2026 apparemment sans histoire.<\/p>\n\n\n\n<p><strong>Les auteur.e.s<\/strong><br>Christine Schuhl est \u00e9ducatrice de jeunes enfants et universitaire. Elle anime des formations et des conf\u00e9rences depuis plus de 20 ans, sur le th\u00e8me de \u00ab la pr\u00e9vention des douces violences \u00bb qu&#8217;elle a d\u00e9fini. Elle a impuls\u00e9 sur ce th\u00e8me la r\u00e9flexion de tous les professionnels de la petite enfance, cette d\u00e9marche s&#8217;est \u00e9tendue ensuite \u00e0 de nombreux secteurs d&#8217;activit\u00e9 de la maternit\u00e9 aux services de g\u00e9riatrie&#8230; Parmi les premi\u00e8res conseill\u00e8res p\u00e9dagogiques dans les structures d&#8217;accueil, elle approfondit quotidiennement sa pratique sur le terrain en observant et en accompagnant des \u00e9quipes professionnelles. Elle est r\u00e9dactrice en chef de la revue Les m\u00e9tiers de la petite enfance (Elsevier Masson). Elle est \u00e9galement l&#8217;auteure de R\u00e9aliser un projet accueil petite enfance (7e \u00e9dition) ; de Rem\u00e9dier aux douces violences (5e \u00e9dition), de Rep\u00e9rer et \u00e9viter les douces violences dans l&#8217;anodin du quotidien (4e \u00e9dition) en collaboration avec Denis Dugas (dessinateur) ; de Cr\u00e9er et r\u00eaver avec le tout-petit (3e \u00e9dition) en collaboration avec Guyl\u00e8ne Pinto (dessinatrice) et de Petite enfance et neurosciences (3e \u00e9dition) en collaboration avec Josette Serres et Alain Lascaux (dessinateur) (Chronique sociale).<br><br>Formation arts d\u00e9coratifs (Ensad), Denis Dugas a exerc\u00e9 plusieurs professions. Dessinateur humoriste, illustrateur scientifique en \u00e9dition et presse France et \u00e9tranger, com\u00e9dien, marionnettiste et cr\u00e9ateur du dessin original de la marionnette Casimir, de Gribouille, Brok et Chnok, Isidore et Cl\u00e9mentine (TF1), cocr\u00e9ateur d&#8217;\u00e9missions scientifiques comme Plan\u00e8te Bleue et Objectif Demain (A2), producteur et responsable de Public-Image, soci\u00e9t\u00e9 de production de films et \u00e9v\u00e9nements et revenu au dessin, qui fut son premier m\u00e9tier.<\/p>\n\n\n\n<p><\/p>\n","protected":false},"excerpt":{"rendered":"<p>Apr\u00e8s le succ\u00e8s de ses premiers ouvrages, Vivre en Cr\u00e8che, Rem\u00e9dier aux douces violences et R\u00e9aliser un projet accueil petite enfance, Christine Schuhl continue de bousculer notre confort. La voici \u00e0 pr\u00e9sent tourn\u00e9e vers notre quotidien. Que ce soit autour du b\u00e9b\u00e9, de l\u2019adolescent, de l\u2019adulte ou de la personne vieillissante, des paroles, des gestes, [&hellip;]<\/p>\n","protected":false},"featured_media":5048,"parent":0,"menu_order":0,"template":"","format":"standard","meta":{"_acf_changed":false,"footnotes":""},"media-type":[541],"ressources-tags":[562,563],"class_list":["post-7617","ressources","type-ressources","status-publish","format-standard","has-post-thumbnail","hentry","media-type-livre-de","ressources-tags-bande-dessinee-de","ressources-tags-violences-de"],"acf":[],"aioseo_notices":[],"_links":{"self":[{"href":"https:\/\/www.kidstoo.ch\/de\/wp-json\/wp\/v2\/ressources\/7617","targetHints":{"allow":["GET"]}}],"collection":[{"href":"https:\/\/www.kidstoo.ch\/de\/wp-json\/wp\/v2\/ressources"}],"about":[{"href":"https:\/\/www.kidstoo.ch\/de\/wp-json\/wp\/v2\/types\/ressources"}],"version-history":[{"count":1,"href":"https:\/\/www.kidstoo.ch\/de\/wp-json\/wp\/v2\/ressources\/7617\/revisions"}],"predecessor-version":[{"id":7619,"href":"https:\/\/www.kidstoo.ch\/de\/wp-json\/wp\/v2\/ressources\/7617\/revisions\/7619"}],"wp:featuredmedia":[{"embeddable":true,"href":"https:\/\/www.kidstoo.ch\/de\/wp-json\/wp\/v2\/media\/5048"}],"wp:attachment":[{"href":"https:\/\/www.kidstoo.ch\/de\/wp-json\/wp\/v2\/media?parent=7617"}],"wp:term":[{"taxonomy":"media-type","embeddable":true,"href":"https:\/\/www.kidstoo.ch\/de\/wp-json\/wp\/v2\/media-type?post=7617"},{"taxonomy":"ressources-tags","embeddable":true,"href":"https:\/\/www.kidstoo.ch\/de\/wp-json\/wp\/v2\/ressources-tags?post=7617"}],"curies":[{"name":"wp","href":"https:\/\/api.w.org\/{rel}","templated":true}]}}