{"id":7572,"date":"2025-02-11T08:04:49","date_gmt":"2025-02-11T07:04:49","guid":{"rendered":"https:\/\/www.kidstoo.ch\/ressources\/le-controle-coercitif-au-coeur-de-la-violence-conjugale\/"},"modified":"2025-02-11T08:05:52","modified_gmt":"2025-02-11T07:05:52","slug":"le-controle-coercitif-au-coeur-de-la-violence-conjugale","status":"publish","type":"ressources","link":"https:\/\/www.kidstoo.ch\/de\/ressources\/le-controle-coercitif-au-coeur-de-la-violence-conjugale\/","title":{"rendered":"Le Contr\u00f4le coercitif: Au c\u0153ur de la violence conjugale"},"content":{"rendered":"\n<p><strong>R\u00e9sum\u00e9:<\/strong><br>Ce premier livre fran\u00e7ais sur le contr\u00f4le coercitif pr\u00e9sente le concept qui pourrait r\u00e9volutionner la vision de la violence conjugale et sa traduction juridique en France. Le contr\u00f4le coercitif, concept central d\u2019une approche globale de la violence conjugale et intrafamiliale comme atteinte aux droits humains, d\u00e9signe un r\u00e9pertoire de comportements oppressifs bas\u00e9s sur le privil\u00e8ge donn\u00e9 par le sexe. Il en est consid\u00e9r\u00e9 dans plusieurs pays comme une meilleure d\u00e9finition juridique. Il r\u00e9v\u00e8le la violence conjugale comme forme de la violence sociale, loin de sa repr\u00e9sentation courante comme forme houleuse de conflit conjugal\/parental. Si toutes les formes de violence impliquent le pouvoir de contraindre autrui, comment les agresseurs familiaux attaquent-ils, avant et apr\u00e8s la s\u00e9paration, les droits, la libert\u00e9, la sant\u00e9 des victimes, en majorit\u00e9 femmes et enfants ? Pourquoi les effets du contr\u00f4le coercitif sont-ils durablement d\u00e9vastateurs ? Comment appr\u00e9hender ce pr\u00e9curseur majeur de la quasi-totalit\u00e9 des f\u00e9minicides qui est aussi le contexte pr\u00e9valent des violences envers les enfants ? Ce livre a un triple objectif : fournir les connaissances acad\u00e9miquement rigoureuses et socialement pertinentes pour d\u00e9crypter ces comportements avant que les agresseurs n\u2019utilisent la coercition et la violence pour contr\u00f4ler les personnes victimes ; permettre la cr\u00e9ation d\u2019une culture commune favorable au dialogue interdisciplinaire, interprofessionnel et soci\u00e9tal pour mieux assurer la s\u00e9curit\u00e9 des personnes victimes et r\u00e9duire l\u2019impunit\u00e9 des agresseurs ; expliquer aux professionnels et aux personnes concern\u00e9s les \u00e9l\u00e9ments-cl\u00e9s de cette approche, fond\u00e9e par des donn\u00e9es probantes issues de la recherche scientifique et prometteuse face aux difficult\u00e9s de la justice p\u00e9nale, civile, et de la protection de l\u2019enfance, pour transformer les pratiques et les repr\u00e9sentations de la violence intrafamiliale et pour garantir les droits humains des femmes et des enfants y compris dans les familles.<br><\/p>\n\n\n\n<p><strong>\u00c0 propos de l&#8217;auteure:<\/strong><br>Andreea Gruev-Vintila, ma\u00eetresse de conf\u00e9rences HDR en psychologie sociale \u00e0 l\u2019Universit\u00e9 Paris-Nanterre, elle m\u00e8ne des recherches interdisciplinaires sur les processus psychosociaux, l\u2019impact et la p\u00e9nalisation des violences et du contr\u00f4le coercitif dans les soci\u00e9t\u00e9s contemporaines. Ses recherches ont conduit \u00e0 l\u2019introduction de formations sur te contr\u00f4le coercitif \u00e0 l\u2019Ecole Nationale de la Magistrature et \u00e0 envisager l\u2019incrimination du contr\u00f4le coercitif en France.<\/p>\n","protected":false},"excerpt":{"rendered":"<p>R\u00e9sum\u00e9:Ce premier livre fran\u00e7ais sur le contr\u00f4le coercitif pr\u00e9sente le concept qui pourrait r\u00e9volutionner la vision de la violence conjugale et sa traduction juridique en France. Le contr\u00f4le coercitif, concept central d\u2019une approche globale de la violence conjugale et intrafamiliale comme atteinte aux droits humains, d\u00e9signe un r\u00e9pertoire de comportements oppressifs bas\u00e9s sur le privil\u00e8ge [&hellip;]<\/p>\n","protected":false},"featured_media":7585,"parent":0,"menu_order":0,"template":"","format":"standard","meta":{"_acf_changed":false,"footnotes":""},"media-type":[541],"ressources-tags":[543],"class_list":["post-7572","ressources","type-ressources","status-publish","format-standard","has-post-thumbnail","hentry","media-type-livre-de","ressources-tags-controle-coercitif-de"],"acf":[],"aioseo_notices":[],"_links":{"self":[{"href":"https:\/\/www.kidstoo.ch\/de\/wp-json\/wp\/v2\/ressources\/7572","targetHints":{"allow":["GET"]}}],"collection":[{"href":"https:\/\/www.kidstoo.ch\/de\/wp-json\/wp\/v2\/ressources"}],"about":[{"href":"https:\/\/www.kidstoo.ch\/de\/wp-json\/wp\/v2\/types\/ressources"}],"version-history":[{"count":1,"href":"https:\/\/www.kidstoo.ch\/de\/wp-json\/wp\/v2\/ressources\/7572\/revisions"}],"predecessor-version":[{"id":7578,"href":"https:\/\/www.kidstoo.ch\/de\/wp-json\/wp\/v2\/ressources\/7572\/revisions\/7578"}],"wp:featuredmedia":[{"embeddable":true,"href":"https:\/\/www.kidstoo.ch\/de\/wp-json\/wp\/v2\/media\/7585"}],"wp:attachment":[{"href":"https:\/\/www.kidstoo.ch\/de\/wp-json\/wp\/v2\/media?parent=7572"}],"wp:term":[{"taxonomy":"media-type","embeddable":true,"href":"https:\/\/www.kidstoo.ch\/de\/wp-json\/wp\/v2\/media-type?post=7572"},{"taxonomy":"ressources-tags","embeddable":true,"href":"https:\/\/www.kidstoo.ch\/de\/wp-json\/wp\/v2\/ressources-tags?post=7572"}],"curies":[{"name":"wp","href":"https:\/\/api.w.org\/{rel}","templated":true}]}}