{"id":10854,"date":"2025-12-03T10:29:16","date_gmt":"2025-12-03T09:29:16","guid":{"rendered":"https:\/\/www.kidstoo.ch\/ressources\/je-vais-te-tuer\/"},"modified":"2025-12-03T10:30:36","modified_gmt":"2025-12-03T09:30:36","slug":"je-vais-te-tuer","status":"publish","type":"ressources","link":"https:\/\/www.kidstoo.ch\/de\/ressources\/je-vais-te-tuer\/","title":{"rendered":"Je vais te tuer"},"content":{"rendered":"\n<p>Autoris\u00e9e exceptionnellement \u00e0 filmer des proc\u00e8s pour violences intrafamiliales, la r\u00e9alisatrice Karine Dusfour&nbsp;d\u00e9voile les m\u00e9canismes du contr\u00f4le coercitif, strat\u00e9gie syst\u00e9mique destin\u00e9e \u00e0 assujettir l&#8217;autre, dont les victimes sont tr\u00e8s majoritairement des femmes.<\/p>\n\n\n\n<p>Immersion in\u00e9dite au c\u0153ur des violences conjugales, ce documentaire expose la fabrique de la violence psychologique \u00e0 travers le concept de contr\u00f4le coercitif. Gr\u00e2ce \u00e0 une autorisation exceptionnelle de filmer les audiences des nouveaux p\u00f4les statuant sur les violences intrafamiliales \u00e0 Poitiers, Colmar et Paris, Karine Dusfour (<em>Adeptes, de l\u2019emprise \u00e0 la d\u00e9prise<\/em>)&nbsp;d\u00e9voile ainsi les premiers proc\u00e8s en France dans lequel cette notion a \u00e9t\u00e9 invoqu\u00e9e. Son documentaire met en sc\u00e8ne la parole des auteurs face aux mots de la loi et de la justice, port\u00e9s par des magistrats et magistrates sp\u00e9cialis\u00e9s. Du harc\u00e8lement t\u00e9l\u00e9phonique jusqu\u2019aux portes du f\u00e9minicide, le contr\u00f4le coercitif est l\u2019ensemble des microsurveillances que met en place un auteur pour tenir en captivit\u00e9 sa compagne. Une v\u00e9ritable terreur intime, \u00e0 laquelle sont soumis plus de 270 000 femmes et enfants en France.<\/p>\n\n\n\n<p><br><strong>Le poids des mots<\/strong>&nbsp;<br>Jalousie obsessionnelle, isolement, d\u00e9nigrement, insultes, g\u00e9olocalisation, cyberharc\u00e8lement, privation de ressources, chantage au suicide, manipulation des enfants ou menaces de repr\u00e9sailles \u00e0 leur encontre, menaces de mort\u2026 Le contr\u00f4le coercitif est un \u00e9l\u00e9ment central dans la compr\u00e9hension des violences conjugales. Il permet de comprendre pourquoi il est si difficile pour les victimes de quitter le conjoint malfaisant (un homme dans 86 % des cas, estime-t-on). Comment ceux qui l&#8217;exercent expliquent-ils leur violence, quels mots mettent-ils dessus ? Face \u00e0 eux, des magistrates sp\u00e9cialis\u00e9es, dont Gwenola Joly-Coz, alors premi\u00e8re pr\u00e9sidente de la cour d\u2019appel de Poitiers, et Ombeline Mahuzier, pr\u00e9sidente du tribunal judiciaire de Colmar, les confrontent \u00e0 la gravit\u00e9 de leurs actes. Aujourd&#8217;hui, souligne Gwenola Joly-Coz, les femmes repr\u00e9sentent 70 % de la magistrature fran\u00e7aise et cela peut changer la donne en mati\u00e8re de violence conjugale. Celle qui a \u00e9t\u00e9 pionni\u00e8re en la mati\u00e8re rappelle aussi que l&#8217;ob\u00e9issance de l&#8217;\u00e9pouse envers l&#8217;\u00e9poux fut longtemps exig\u00e9e par un code civil \u00e9dict\u00e9 par des hommes.<\/p>\n","protected":false},"excerpt":{"rendered":"<p>Autoris\u00e9e exceptionnellement \u00e0 filmer des proc\u00e8s pour violences intrafamiliales, la r\u00e9alisatrice Karine Dusfour&nbsp;d\u00e9voile les m\u00e9canismes du contr\u00f4le coercitif, strat\u00e9gie syst\u00e9mique destin\u00e9e \u00e0 assujettir l&#8217;autre, dont les victimes sont tr\u00e8s majoritairement des femmes. Immersion in\u00e9dite au c\u0153ur des violences conjugales, ce documentaire expose la fabrique de la violence psychologique \u00e0 travers le concept de contr\u00f4le coercitif. [&hellip;]<\/p>\n","protected":false},"featured_media":10859,"parent":0,"menu_order":0,"template":"","format":"standard","meta":{"_acf_changed":false,"footnotes":""},"media-type":[604,588,589],"ressources-tags":[554,578,569,543],"class_list":["post-10854","ressources","type-ressources","status-publish","format-standard","has-post-thumbnail","hentry","media-type-dokumentation-reportage","media-type-temoignage-de","media-type-video-de","ressources-tags-violence-domestique-de","ressources-tags-justice-de","ressources-tags-droit-de","ressources-tags-controle-coercitif-de"],"acf":[],"aioseo_notices":[],"_links":{"self":[{"href":"https:\/\/www.kidstoo.ch\/de\/wp-json\/wp\/v2\/ressources\/10854","targetHints":{"allow":["GET"]}}],"collection":[{"href":"https:\/\/www.kidstoo.ch\/de\/wp-json\/wp\/v2\/ressources"}],"about":[{"href":"https:\/\/www.kidstoo.ch\/de\/wp-json\/wp\/v2\/types\/ressources"}],"version-history":[{"count":1,"href":"https:\/\/www.kidstoo.ch\/de\/wp-json\/wp\/v2\/ressources\/10854\/revisions"}],"predecessor-version":[{"id":10856,"href":"https:\/\/www.kidstoo.ch\/de\/wp-json\/wp\/v2\/ressources\/10854\/revisions\/10856"}],"wp:featuredmedia":[{"embeddable":true,"href":"https:\/\/www.kidstoo.ch\/de\/wp-json\/wp\/v2\/media\/10859"}],"wp:attachment":[{"href":"https:\/\/www.kidstoo.ch\/de\/wp-json\/wp\/v2\/media?parent=10854"}],"wp:term":[{"taxonomy":"media-type","embeddable":true,"href":"https:\/\/www.kidstoo.ch\/de\/wp-json\/wp\/v2\/media-type?post=10854"},{"taxonomy":"ressources-tags","embeddable":true,"href":"https:\/\/www.kidstoo.ch\/de\/wp-json\/wp\/v2\/ressources-tags?post=10854"}],"curies":[{"name":"wp","href":"https:\/\/api.w.org\/{rel}","templated":true}]}}