{"id":10847,"date":"2025-12-03T10:27:13","date_gmt":"2025-12-03T09:27:13","guid":{"rendered":"https:\/\/www.kidstoo.ch\/ressources\/jai-traverse-leurope-pour-comprendre-ce-qui-leur-arrive-vraiment\/"},"modified":"2025-12-03T10:31:35","modified_gmt":"2025-12-03T09:31:35","slug":"jai-traverse-leurope-pour-comprendre-ce-qui-leur-arrive-vraiment","status":"publish","type":"ressources","link":"https:\/\/www.kidstoo.ch\/de\/ressources\/jai-traverse-leurope-pour-comprendre-ce-qui-leur-arrive-vraiment\/","title":{"rendered":"J&#8217;ai travers\u00e9 l&#8217;Europe pour comprendre ce qui leur arrive vraiment"},"content":{"rendered":"\n<p>Je me suis rendu en Angleterre, en Italie et en Suisse pour documenter le f\u00e9minicide en Europe. Partout, les m\u00eames m\u00e9caniques se retrouvent, les m\u00eames sch\u00e9mas. Partout, les femmes ne sont pas assez prot\u00e9g\u00e9es. Le f\u00e9minicide n&#8217;est pas un fait divers, c&#8217;est un probl\u00e8me de soci\u00e9t\u00e9. M\u00e9lanie, Nunzia et Holly n&#8217;avaient pas grand chose en commun, et pourtant, elles ont toutes v\u00e9cu la m\u00eame histoire.<\/p>\n\n\n\n<p><\/p>\n","protected":false},"excerpt":{"rendered":"<p>Je me suis rendu en Angleterre, en Italie et en Suisse pour documenter le f\u00e9minicide en Europe. Partout, les m\u00eames m\u00e9caniques se retrouvent, les m\u00eames sch\u00e9mas. Partout, les femmes ne sont pas assez prot\u00e9g\u00e9es. Le f\u00e9minicide n&#8217;est pas un fait divers, c&#8217;est un probl\u00e8me de soci\u00e9t\u00e9. M\u00e9lanie, Nunzia et Holly n&#8217;avaient pas grand chose en [&hellip;]<\/p>\n","protected":false},"featured_media":10863,"parent":0,"menu_order":0,"template":"","format":"standard","meta":{"_acf_changed":false,"footnotes":""},"media-type":[604,588,589],"ressources-tags":[625,554],"class_list":["post-10847","ressources","type-ressources","status-publish","format-standard","has-post-thumbnail","hentry","media-type-dokumentation-reportage","media-type-temoignage-de","media-type-video-de","ressources-tags-feminicide-de","ressources-tags-violence-domestique-de"],"acf":[],"aioseo_notices":[],"_links":{"self":[{"href":"https:\/\/www.kidstoo.ch\/de\/wp-json\/wp\/v2\/ressources\/10847","targetHints":{"allow":["GET"]}}],"collection":[{"href":"https:\/\/www.kidstoo.ch\/de\/wp-json\/wp\/v2\/ressources"}],"about":[{"href":"https:\/\/www.kidstoo.ch\/de\/wp-json\/wp\/v2\/types\/ressources"}],"version-history":[{"count":1,"href":"https:\/\/www.kidstoo.ch\/de\/wp-json\/wp\/v2\/ressources\/10847\/revisions"}],"predecessor-version":[{"id":10849,"href":"https:\/\/www.kidstoo.ch\/de\/wp-json\/wp\/v2\/ressources\/10847\/revisions\/10849"}],"wp:featuredmedia":[{"embeddable":true,"href":"https:\/\/www.kidstoo.ch\/de\/wp-json\/wp\/v2\/media\/10863"}],"wp:attachment":[{"href":"https:\/\/www.kidstoo.ch\/de\/wp-json\/wp\/v2\/media?parent=10847"}],"wp:term":[{"taxonomy":"media-type","embeddable":true,"href":"https:\/\/www.kidstoo.ch\/de\/wp-json\/wp\/v2\/media-type?post=10847"},{"taxonomy":"ressources-tags","embeddable":true,"href":"https:\/\/www.kidstoo.ch\/de\/wp-json\/wp\/v2\/ressources-tags?post=10847"}],"curies":[{"name":"wp","href":"https:\/\/api.w.org\/{rel}","templated":true}]}}