{"id":703,"date":"2026-04-08T10:14:52","date_gmt":"2026-04-08T08:14:52","guid":{"rendered":"https:\/\/www.kidstoo.ch\/accueil\/"},"modified":"2026-02-04T23:31:06","modified_gmt":"2026-02-04T22:31:06","slug":"accueil","status":"publish","type":"page","link":"https:\/\/www.kidstoo.ch\/de\/","title":{"rendered":"Accueil"},"content":{"rendered":"\n    <\/div>\n    <div class=\"parallax home-screen \" style=\"background-image: url(https:\/\/www.kidstoo.ch\/app\/uploads\/GettyImages-730269139-1920x1080.jpg);\">\n        <div class=\"container\">\n            <div class=\"row\">\n                <div class=\"col-lg-8 col-xl-6\">\n                    <h2>\n                        H\u00e4usliche Gewalt in Anwesenheit von Kindern ist eine Pandemie, die ignoriert wird.                    <\/h2>\n                <\/div>\n            <\/div>\n            <div class=\"quick-links row text-right\">\n                                            <div class=\"col-md-4 col-lg-3 col-xl-2 text-left\">\n                                <a href=\"https:\/\/www.kidstoo.ch\/de\/symposium\/\" target=\"_self\">\n                                    Anmeldung Symposium                                    <i class=\"icon-arrow-light\"><\/i>\n                                <\/a>\n                            <\/div>\n                                                                    <div class=\"col-md-4 col-lg-3 col-xl-2 text-left\">\n                                <a href=\"https:\/\/www.kidstoo.ch\/app\/uploads\/Dernier_GPE_DE-1.pdf\" target=\"_self\">\n                                    Lesen Sie unsere neueste Studie                                    <i class=\"icon-arrow-light\"><\/i>\n                                <\/a>\n                            <\/div>\n                                                                    <div class=\"col-md-4 col-lg-3 col-xl-2 text-left\">\n                                <a href=\"https:\/\/www.kidstoo.ch\/de\/institutions-et-partenaires-2\/\" target=\"_self\">\n                                    Hilfe finden                                    <i class=\"icon-arrow-light\"><\/i>\n                                <\/a>\n                            <\/div>\n                                                    <\/div>\n        <\/div>\n    <\/div>\n\n    <div class=\"container\">\n    \n\n\n<div class=\"wp-block-group is-style-section is-layout-flow wp-block-group-is-layout-flow\">\n<div class=\"wp-block-columns is-style-align-center-content is-layout-flex wp-container-core-columns-is-layout-9d6595d7 wp-block-columns-is-layout-flex\">\n<div class=\"wp-block-column is-layout-flow wp-block-column-is-layout-flow\">\n<figure class=\"wp-block-image size-full\"><img decoding=\"async\" src=\"https:\/\/www.kidstoo.ch\/app\/uploads\/GettyImages-1259997976-scaled.jpg\" alt=\"\"\/><\/figure>\n<\/div>\n\n\n\n<div class=\"wp-block-column is-style-one-col-gap is-layout-flow wp-block-column-is-layout-flow\">\n<h2 class=\"wp-block-heading\">Die Stiftung, ihre Vision und ihre Mission<\/h2>\n\n\n\n<p>Kinder sch\u00fctzen, indem die psychologischen Auswirkungen h\u00e4uslicher Gewalt, der sie in der Ehe und im Haushalt ausgesetzt sind, verringert werden.<\/p>\n\n\n\n<p>Wir k\u00e4mpfen f\u00fcr eine Justiz, die den Opfern h\u00e4uslicher Gewalt mehr entgegenkommt. Wir k\u00e4mpfen f\u00fcr die Verringerung der Auswirkungen dieser Gewalt, die ihrerseits und oft irreversibel Kinder betrifft. Wir k\u00e4mpfen f\u00fcr die Verbesserung ihres Schutzes. Wir tun dies, indem wir politische Vertreter, Schweizer Beh\u00f6rden und Gerichte auf \u00fcberzeugende Weise informieren und sensibilisieren. Wir tun dies mit dem Ziel, ihre Herangehensweise an das Thema h\u00e4usliche Gewalt zu ver\u00e4ndern.<\/p>\n\n\n\n<div class=\"wp-block-buttons is-layout-flex wp-block-buttons-is-layout-flex\">\n<div class=\"wp-block-button is-style-btn\"><a class=\"wp-block-button__link wp-element-button\" href=\"https:\/\/www.kidstoo.ch\/de\/a-propos-2\/la-fondation\/\">Mehr erfahren<\/a><\/div>\n<\/div>\n<\/div>\n<\/div>\n<\/div>\n\n\n\n    <section class=\"key-numbers-section \">\n        <div class=\"key-numbers\">\n                            <h2>&#8212; Opferhilfestatistik und PKS im Jahr 2024 &#8212;<\/h2>\n                                    <div class=\"key-number\">\n                        <span class=\"number\">3<\/span>\n                        <h3 class=\"d-none d-md-block\">Die Zahl der Opfer hat sich zwischen 2009 und 2024 fast verdreifacht (x 2,7).<\/h3>\n                        <div class=\"progress-bar-outer\" data-value=\"100%\">\n                            <div class=\"progress-bar\">\n                                <span class=\"number\">3<\/span>\n                                <h3 class=\"d-none d-md-block\">Die Zahl der Opfer hat sich zwischen 2009 und 2024 fast verdreifacht (x 2,7).<\/h3>\n                            <\/div>\n                        <\/div>\n                    <\/div>\n                    <h3 class=\"d-block d-md-none\">Die Zahl der Opfer hat sich zwischen 2009 und 2024 fast verdreifacht (x 2,7).<\/h3>\n                                <div class=\"key-number\">\n                        <span class=\"number\">28%<\/span>\n                        <h3 class=\"d-none d-md-block\">% Anstieg der k\u00f6rperlichen Gewalt zwischen 2024 und 2023<\/h3>\n                        <div class=\"progress-bar-outer\" data-value=\"28%\">\n                            <div class=\"progress-bar\">\n                                <span class=\"number\">28%<\/span>\n                                <h3 class=\"d-none d-md-block\">% Anstieg der k\u00f6rperlichen Gewalt zwischen 2024 und 2023<\/h3>\n                            <\/div>\n                        <\/div>\n                    <\/div>\n                    <h3 class=\"d-block d-md-none\">% Anstieg der k\u00f6rperlichen Gewalt zwischen 2024 und 2023<\/h3>\n                                <div class=\"key-number\">\n                        <span class=\"number\">34%<\/span>\n                        <h3 class=\"d-none d-md-block\">R\u00fcckgang der psychischen Gewalt zwischen 2024 und 2023<\/h3>\n                        <div class=\"progress-bar-outer\" data-value=\"34%\">\n                            <div class=\"progress-bar\">\n                                <span class=\"number\">34%<\/span>\n                                <h3 class=\"d-none d-md-block\">R\u00fcckgang der psychischen Gewalt zwischen 2024 und 2023<\/h3>\n                            <\/div>\n                        <\/div>\n                    <\/div>\n                    <h3 class=\"d-block d-md-none\">R\u00fcckgang der psychischen Gewalt zwischen 2024 und 2023<\/h3>\n                                <div class=\"key-number\">\n                        <span class=\"number\">70%<\/span>\n                        <h3 class=\"d-none d-md-block\">T\u00e4ter-innen im famili\u00e4ren Umfeld. Hoher, aber sinkender Anteil (80% im Jahr 2023)<\/h3>\n                        <div class=\"progress-bar-outer\" data-value=\"70%\">\n                            <div class=\"progress-bar\">\n                                <span class=\"number\">70%<\/span>\n                                <h3 class=\"d-none d-md-block\">T\u00e4ter-innen im famili\u00e4ren Umfeld. Hoher, aber sinkender Anteil (80% im Jahr 2023)<\/h3>\n                            <\/div>\n                        <\/div>\n                    <\/div>\n                    <h3 class=\"d-block d-md-none\">T\u00e4ter-innen im famili\u00e4ren Umfeld. Hoher, aber sinkender Anteil (80% im Jahr 2023)<\/h3>\n                                <div class=\"key-number\">\n                        <span class=\"number\">16%<\/span>\n                        <h3 class=\"d-none d-md-block\">Einige T\u00e4ter-innen sind minderj\u00e4hrigim Jahr 2024<\/h3>\n                        <div class=\"progress-bar-outer\" data-value=\"16%\">\n                            <div class=\"progress-bar\">\n                                <span class=\"number\">16%<\/span>\n                                <h3 class=\"d-none d-md-block\">Einige T\u00e4ter-innen sind minderj\u00e4hrigim Jahr 2024<\/h3>\n                            <\/div>\n                        <\/div>\n                    <\/div>\n                    <h3 class=\"d-block d-md-none\">Einige T\u00e4ter-innen sind minderj\u00e4hrigim Jahr 2024<\/h3>\n                                <div class=\"key-number\">\n                        <span class=\"number\">10%<\/span>\n                        <h3 class=\"d-none d-md-block\">Strafrechtliche Ma\u00dfnahmen, betreffen vor allem sexuelle Gewalt<\/h3>\n                        <div class=\"progress-bar-outer\" data-value=\"10%\">\n                            <div class=\"progress-bar\">\n                                <span class=\"number\">10%<\/span>\n                                <h3 class=\"d-none d-md-block\">Strafrechtliche Ma\u00dfnahmen, betreffen vor allem sexuelle Gewalt<\/h3>\n                            <\/div>\n                        <\/div>\n                    <\/div>\n                    <h3 class=\"d-block d-md-none\">Strafrechtliche Ma\u00dfnahmen, betreffen vor allem sexuelle Gewalt<\/h3>\n                                <div class=\"key-number\">\n                        <span class=\"number\">45%<\/span>\n                        <h3 class=\"d-none d-md-block\">H\u00e4usliche psychische Gewalt (vs. 71% im Jahr 2023)<\/h3>\n                        <div class=\"progress-bar-outer\" data-value=\"45%\">\n                            <div class=\"progress-bar\">\n                                <span class=\"number\">45%<\/span>\n                                <h3 class=\"d-none d-md-block\">H\u00e4usliche psychische Gewalt (vs. 71% im Jahr 2023)<\/h3>\n                            <\/div>\n                        <\/div>\n                    <\/div>\n                    <h3 class=\"d-block d-md-none\">H\u00e4usliche psychische Gewalt (vs. 71% im Jahr 2023)<\/h3>\n                    <\/div>\n                    <a class=\"btn\" href=\"https:\/\/www.kidstoo.ch\/app\/uploads\/Dernier_GPE_DE-1.pdf\" target=\"_self\">Lesen Sie den vollst\u00e4ndigen Bericht<\/a>\n            <\/section>\n\n\n\n\n\n<div class=\"wp-block-group is-style-section is-layout-flow wp-block-group-is-layout-flow\">\n<h2 class=\"wp-block-heading has-text-align-center\">Nachrichten<\/h2>\n\n\n\n    <div class=\"posts-by-category is-news not-full without-filter \" data-maxPost=\"3\">\n        <div class=\"row\">\n            <div class=\"col-md-12\">\n                <div class=\"posts-by-category-list row\">\n                                            <div class=\"col-lg-4\">\n                            <a href=\"https:\/\/www.kidstoo.ch\/de\/rapport-kidstoo-un-autre-regard\/\">\n    <div class=\"card\" style=\"background-image: url(https:\/\/www.kidstoo.ch\/app\/uploads\/Kidstoo_100mm_Standard_CMYK_500x325.jpg);\">\n\n        <div class=\"post-content\">\n            <div class=\"post-content-box\">\n                <div class=\"post-meta\">\n                                        <span class=\"date\">27.04.2026<\/span>\n                                                                    <span class=\"category\">News<\/span>\n                                    <\/div>\n\n                <h3>Rapport KidsToo &#8220;Un autre regard&#8221;<\/h3>\n            <\/div>\n        <\/div>\n    <\/div>\n<\/a>                        <\/div>\n\n                                            <div class=\"col-lg-4\">\n                            <a href=\"https:\/\/www.kidstoo.ch\/de\/formation-justice\/\">\n    <div class=\"card\" style=\"background-image: url(https:\/\/www.kidstoo.ch\/app\/uploads\/citation-etude-CSVD-juge-1-800x440.png);\">\n\n        <div class=\"post-content\">\n            <div class=\"post-content-box\">\n                <div class=\"post-meta\">\n                                        <span class=\"date\">13.04.2026<\/span>\n                                                                    <span class=\"category\">News<\/span>\n                                    <\/div>\n\n                <h3>formation justice<\/h3>\n            <\/div>\n        <\/div>\n    <\/div>\n<\/a>                        <\/div>\n\n                                            <div class=\"col-lg-4\">\n                            <a href=\"https:\/\/www.kidstoo.ch\/de\/maltraitance-animale\/\">\n    <div class=\"card\" style=\"background-image: url(https:\/\/www.kidstoo.ch\/app\/uploads\/Naoki-800x440.png);\">\n\n        <div class=\"post-content\">\n            <div class=\"post-content-box\">\n                <div class=\"post-meta\">\n                                        <span class=\"date\">06.04.2026<\/span>\n                                                                    <span class=\"category\">News<\/span>\n                                    <\/div>\n\n                <h3>maltraitance animale<\/h3>\n            <\/div>\n        <\/div>\n    <\/div>\n<\/a>                        <\/div>\n\n                    \n                                    <\/div>\n                            <\/div>\n                    <\/div>\n    <\/div>\n\n\n\n<p class=\"has-text-align-center\" style=\"text-transform:uppercase\"><br><a href=\"https:\/\/www.kidstoo.ch\/de\/actualites\/\" title=\"\">alle nachrichten ansehen<\/a><\/p>\n<\/div>\n\n\n\n        <div class=\"institutions-filters  without-results\" data-maxPost=\"-1\">\n        <div class=\"\">\n                            <h2>Institutionen und Partner<\/h2>\n                                        Es gibt eine gro\u00dfe Anzahl von Institutionen, K\u00f6rperschaften und Verb\u00e4nden, die mit Gewalt im Allgemeinen, h\u00e4uslicher Gewalt, Gewalt in der Ehe mit oder ohne Kinder im Besonderen zu tun haben.<br \/>\r\nMit diesem Suchwerkzeug m\u00f6chte KidsToo die Suche nach Einrichtungen hinsichtlich ihres Standorts, ihrer Aktivit\u00e4ten oder nach Schl\u00fcsselw\u00f6rtern erleichtern.                        <div class=\"row\">\n                <div class=\"col-lg-12 col-xl-10 offset-xl-1\">\n                    <form action=\"https:\/\/www.kidstoo.ch\/de\/a-propos-2\/institutions-et-partenaires\/\" method=\"post\">\n                                                <select name=\"region\" class=\"region-filter\"><option value=\"\">Suche nach Region<\/option><option value=\"153\" >Aargau<\/option><option value=\"198\" >Appenzell Ausserrhoden<\/option><option value=\"256\" >Appenzell Innerrhoden<\/option><option value=\"132\" >Basel-Land<\/option><option value=\"133\" >Basel-Stadt<\/option><option value=\"131\" >Bern<\/option><option value=\"195\" >Deutsche Schweiz<\/option><option value=\"184\" >Europa<\/option><option value=\"202\" >Franz\u00f6sische Schweiz<\/option><option value=\"150\" >Freiburg<\/option><option value=\"242\" >Genf<\/option><option value=\"146\" >Glarus<\/option><option value=\"205\" >Graub\u00fcnden<\/option><option value=\"163\" >Internet<\/option><option value=\"166\" >Internet CH<\/option><option value=\"245\" >Jura<\/option><option value=\"323\" >Liechtenstein<\/option><option value=\"207\" >Luzern<\/option><option value=\"247\" >Neuenburg<\/option><option value=\"211\" >Nidwalden<\/option><option value=\"214\" >Obwalden<\/option><option value=\"217\" >Schaffhausen<\/option><option value=\"192\" >Schweiz<\/option><option value=\"220\" >Schwyz<\/option><option value=\"154\" >Solothurn<\/option><option value=\"225\" >St. Gallen<\/option><option value=\"294\" >Tessin<\/option><option value=\"228\" >Thurgau<\/option><option value=\"232\" >Uri<\/option><option value=\"134\" >Waadt<\/option><option value=\"251\" >Wallis<\/option><option value=\"169\" >Welt<\/option><option value=\"130\" >Zug<\/option><option value=\"236\" >Z\u00fcrich<\/option><\/select>\n\n                                                    <select name=\"activity\" class=\"activity-filter\"><option value=\"\">Suche nach T\u00e4tigkeitsbereich<\/option><option value=\"335\" >Ausbildung<\/option><option value=\"479\" >Begleitete Besuchstage<\/option><option value=\"433\" >Beratung<\/option><option value=\"136\" >Beratung f\u00fcr Opfern<\/option><option value=\"523\" >Gewaltopferambulanz<\/option><option value=\"309\" >Interkantonale Struktur<\/option><option value=\"506\" >Kinderschutz<\/option><option value=\"321\" >Opfer-Therapien<\/option><option value=\"346\" >Pr\u00e4vention<\/option><option value=\"313\" >Therapien<\/option><option value=\"316\" >Therapien T\u00e4tern\/T\u00e4terinnen<\/option><option value=\"302\" >Unterkunft<\/option><option value=\"137\" >Unterkunft Frauen<\/option><option value=\"498\" >Unterkunft Kinder<\/option><option value=\"307\" >Unterkunft M\u00e4nner<\/option><option value=\"411\" >Zuh\u00f6ren<\/option><\/select>                        <select name=\"keywords\" class=\"keywords-filter\"><option value=\"\">Stichwortsuche<\/option><option value=\"149\" >24\/7<\/option><option value=\"515\" >Begleitung<\/option><option value=\"464\" >Besuche<\/option><option value=\"655\" >d\u00e9tention<\/option><option value=\"141\" >Frauenhaus<\/option><option value=\"143\" >H\u00f6ren<\/option><option value=\"446\" >Kinder<\/option><option value=\"502\" >Kinderheim<\/option><option value=\"484\" >Kinderrechte<\/option><option value=\"490\" >Konferenz<\/option><option value=\"440\" >LAVI<\/option><option value=\"343\" >M\u00e4nnerhaus<\/option><option value=\"488\" >Netzwerk<\/option><option value=\"151\" >OHG<\/option><option value=\"359\" >Quizz<\/option><option value=\"156\" >SOS<\/option><option value=\"513\" >Soutien<\/option><option value=\"512\" >Unterst\u00fctzung<\/option><option value=\"273\" >Zuflucht<\/option><\/select>                        <button type=\"submit\" class=\"btn\">Suche<\/button>\n                    <\/form>\n                <\/div>\n            <\/div>\n        <\/div>\n            <\/div>\n    \n    \n\n\n<div class=\"wp-block-group is-style-section is-layout-flow wp-block-group-is-layout-flow\">\n<div class=\"wp-block-columns are-vertically-aligned-bottom is-layout-flex wp-container-core-columns-is-layout-9d6595d7 wp-block-columns-is-layout-flex\">\n<div class=\"wp-block-column is-vertically-aligned-bottom d-none d-md-block is-layout-flow wp-block-column-is-layout-flow\" style=\"flex-basis:20%\">\n<p><a href=\"https:\/\/www.kidstoo.ch\/de\/projets-2\/\" title=\"Projekte\">ALLE PROJEKTE ANSEHEN<\/a><\/p>\n<\/div>\n\n\n\n<div class=\"wp-block-column is-vertically-aligned-bottom is-layout-flow wp-block-column-is-layout-flow\" style=\"flex-basis:60%\">\n<h2 class=\"wp-block-heading has-text-align-center\">Projekte<\/h2>\n<\/div>\n\n\n\n<div class=\"wp-block-column is-vertically-aligned-bottom is-layout-flow wp-block-column-is-layout-flow\"><\/div>\n<\/div>\n\n\n\n<div class=\"wp-block-columns is-layout-flex wp-container-core-columns-is-layout-9d6595d7 wp-block-columns-is-layout-flex\">\n<div class=\"wp-block-column is-layout-flow wp-block-column-is-layout-flow\">\n            <a href=\"https:\/\/www.kidstoo.ch\/de\/projets\/les-enfants-de-la-violence-domestique\/\" target=\"_self\" class=\"project-card-outer\">\n                    <div class=\"card project\" style=\"background-image: url(https:\/\/www.kidstoo.ch\/app\/uploads\/GettyImages-898270384-800x440.jpg);\">\n\n                <div class=\"post-content\">\n                    <div class=\"post-content-box\">\n                        <div class=\"post-meta\">\n                            <span class=\"category\">Eine Analyse von Prozessen und Kosten im Kontext des Besuchs- und Sorgerechts<\/span>\n                        <\/div>\n                        <h3>Kinder als Mitbetroffene von Paargewalt:<\/h3>\n                    <\/div>\n                <\/div>\n            <\/div>\n                    <\/a>\n    <\/div>\n\n\n\n<div class=\"wp-block-column is-layout-flow wp-block-column-is-layout-flow\">\n            <a href=\"https:\/\/www.kidstoo.ch\/de\/projets-2\/appariement-db-ofs\/\" target=\"_self\" class=\"project-card-outer\">\n                    <div class=\"card project\" style=\"background-image: url(https:\/\/www.kidstoo.ch\/app\/uploads\/GettyImages-623914230-800x440.jpg);\">\n\n                <div class=\"post-content\">\n                    <div class=\"post-content-box\">\n                        <div class=\"post-meta\">\n                            <span class=\"category\">Verkn\u00fcpfung und Analyse von Daten der Polizeilichen Kriminalstatistik<\/span>\n                        <\/div>\n                        <h3>Kosten von Paargewalt<\/h3>\n                    <\/div>\n                <\/div>\n            <\/div>\n                    <\/a>\n    <\/div>\n<\/div>\n\n\n\n<p class=\"has-text-align-center\"><a href=\"https:\/\/www.kidstoo.ch\/de\/projets-2\/\" title=\"Projekte\">ALLE PROJEKTE ANSEHEN<\/a><\/p>\n<\/div>\n","protected":false},"excerpt":{"rendered":"<p>Die Stiftung, ihre Vision und ihre Mission Kinder sch\u00fctzen, indem die psychologischen Auswirkungen h\u00e4uslicher Gewalt, der sie in der Ehe und im Haushalt ausgesetzt sind, verringert werden. Wir k\u00e4mpfen f\u00fcr eine Justiz, die den Opfern h\u00e4uslicher Gewalt mehr entgegenkommt. Wir k\u00e4mpfen f\u00fcr die Verringerung der Auswirkungen dieser Gewalt, die ihrerseits und oft irreversibel Kinder betrifft. [&hellip;]<\/p>\n","protected":false},"author":1,"featured_media":0,"parent":0,"menu_order":0,"comment_status":"closed","ping_status":"closed","template":"","meta":{"_acf_changed":false,"footnotes":""},"class_list":["post-703","page","type-page","status-publish","hentry"],"acf":[],"aioseo_notices":[],"_links":{"self":[{"href":"https:\/\/www.kidstoo.ch\/de\/wp-json\/wp\/v2\/pages\/703","targetHints":{"allow":["GET"]}}],"collection":[{"href":"https:\/\/www.kidstoo.ch\/de\/wp-json\/wp\/v2\/pages"}],"about":[{"href":"https:\/\/www.kidstoo.ch\/de\/wp-json\/wp\/v2\/types\/page"}],"author":[{"embeddable":true,"href":"https:\/\/www.kidstoo.ch\/de\/wp-json\/wp\/v2\/users\/1"}],"replies":[{"embeddable":true,"href":"https:\/\/www.kidstoo.ch\/de\/wp-json\/wp\/v2\/comments?post=703"}],"version-history":[{"count":81,"href":"https:\/\/www.kidstoo.ch\/de\/wp-json\/wp\/v2\/pages\/703\/revisions"}],"predecessor-version":[{"id":11385,"href":"https:\/\/www.kidstoo.ch\/de\/wp-json\/wp\/v2\/pages\/703\/revisions\/11385"}],"wp:attachment":[{"href":"https:\/\/www.kidstoo.ch\/de\/wp-json\/wp\/v2\/media?parent=703"}],"curies":[{"name":"wp","href":"https:\/\/api.w.org\/{rel}","templated":true}]}}