{"id":2540,"date":"2022-09-05T17:18:16","date_gmt":"2022-09-05T15:18:16","guid":{"rendered":"https:\/\/www.kidstoo.ch\/?page_id=2540"},"modified":"2023-04-13T21:09:45","modified_gmt":"2023-04-13T19:09:45","slug":"institutions-et-partenaires","status":"publish","type":"page","link":"https:\/\/www.kidstoo.ch\/de\/a-propos-2\/institutions-et-partenaires\/","title":{"rendered":"Institutions et partenaires"},"content":{"rendered":"\n<p>Es gibt eine gro\u00dfe Anzahl von Institutionen, Organisationen und Verb\u00e4nden, die sich mit Gewalt im Allgemeinen sowie h\u00e4uslicher Gewalt und Gewalt in der Ehe (mit oder ohne Kinder) im Besonderen auseinandersetzen.<br>Mit Hilfe der Suchfunktion m\u00f6chte die Stiftung KidsToo die Suche nach Ansprechpartner hinsichtlich Standort, Kompetenz und allgemeiner Suchbegriffe erleichtern.<br>Wenn Sie einen neuen Eintrag hinzuf\u00fcgen m\u00f6chten, die angegebenen Aktivit\u00e4ten erg\u00e4nzen\/korrigieren und\/oder neue Schl\u00fcsselw\u00f6rter vorschlagen m\u00f6chten, teilen Sie uns dies bitte <a href=\"https:\/\/www.kidstoo.ch\/de\/contact_institutions\/\">hier<\/a> mit.<\/p>\n\n\n\n        <div class=\"institutions-filters  with-results\" data-maxPost=\"8\">\n        <div class=\"\">\n                            <h2>Institutionen und Partner<\/h2>\n                                    <div class=\"row\">\n                <div class=\"col-md-12\">\n                    <form action=\"\" method=\"post\">\n                                                <select name=\"region\" class=\"region-filter\"><option value=\"\">Suche nach Region<\/option><option value=\"153\" >Aargau<\/option><option value=\"198\" >Appenzell Ausserrhoden<\/option><option value=\"256\" >Appenzell Innerrhoden<\/option><option value=\"132\" >Basel-Land<\/option><option value=\"133\" >Basel-Stadt<\/option><option value=\"131\" >Bern<\/option><option value=\"195\" >Deutsche Schweiz<\/option><option value=\"184\" >Europa<\/option><option value=\"202\" >Franz\u00f6sische Schweiz<\/option><option value=\"150\" >Freiburg<\/option><option value=\"242\" >Genf<\/option><option value=\"146\" >Glarus<\/option><option value=\"205\" >Graub\u00fcnden<\/option><option value=\"163\" >Internet<\/option><option value=\"166\" >Internet CH<\/option><option value=\"245\" >Jura<\/option><option value=\"323\" >Liechtenstein<\/option><option value=\"207\" >Luzern<\/option><option value=\"247\" >Neuenburg<\/option><option value=\"211\" >Nidwalden<\/option><option value=\"214\" >Obwalden<\/option><option value=\"217\" >Schaffhausen<\/option><option value=\"192\" >Schweiz<\/option><option value=\"220\" >Schwyz<\/option><option value=\"154\" >Solothurn<\/option><option value=\"225\" >St. Gallen<\/option><option value=\"294\" >Tessin<\/option><option value=\"228\" >Thurgau<\/option><option value=\"232\" >Uri<\/option><option value=\"134\" >Waadt<\/option><option value=\"251\" >Wallis<\/option><option value=\"169\" >Welt<\/option><option value=\"130\" >Zug<\/option><option value=\"236\" >Z\u00fcrich<\/option><\/select>\n\n                                                    <select name=\"activity\" class=\"activity-filter\"><option value=\"\">Suche nach T\u00e4tigkeitsbereich<\/option><option value=\"335\" >Ausbildung<\/option><option value=\"479\" >Begleitete Besuchstage<\/option><option value=\"433\" >Beratung<\/option><option value=\"136\" >Beratung f\u00fcr Opfern<\/option><option value=\"523\" >Gewaltopferambulanz<\/option><option value=\"309\" >Interkantonale Struktur<\/option><option value=\"506\" >Kinderschutz<\/option><option value=\"321\" >Opfer-Therapien<\/option><option value=\"346\" >Pr\u00e4vention<\/option><option value=\"313\" >Therapien<\/option><option value=\"316\" >Therapien T\u00e4tern\/T\u00e4terinnen<\/option><option value=\"302\" >Unterkunft<\/option><option value=\"137\" >Unterkunft Frauen<\/option><option value=\"498\" >Unterkunft Kinder<\/option><option value=\"307\" >Unterkunft M\u00e4nner<\/option><option value=\"411\" >Zuh\u00f6ren<\/option><\/select>                        <select name=\"keywords\" class=\"keywords-filter\"><option value=\"\">Stichwortsuche<\/option><option value=\"149\" >24\/7<\/option><option value=\"515\" >Begleitung<\/option><option value=\"464\" >Besuche<\/option><option value=\"655\" >d\u00e9tention<\/option><option value=\"141\" >Frauenhaus<\/option><option value=\"143\" >H\u00f6ren<\/option><option value=\"446\" >Kinder<\/option><option value=\"502\" >Kinderheim<\/option><option value=\"484\" >Kinderrechte<\/option><option value=\"490\" >Konferenz<\/option><option value=\"440\" >LAVI<\/option><option value=\"343\" >M\u00e4nnerhaus<\/option><option value=\"488\" >Netzwerk<\/option><option value=\"151\" >OHG<\/option><option value=\"359\" >Quizz<\/option><option value=\"156\" >SOS<\/option><option value=\"513\" >Soutien<\/option><option value=\"512\" >Unterst\u00fctzung<\/option><option value=\"273\" >Zuflucht<\/option><\/select>                        <button type=\"submit\" class=\"btn\">Suche<\/button>\n                    <\/form>\n                <\/div>\n            <\/div>\n        <\/div>\n                    <div class=\"\">\n                <div class=\"institutions-by-category-list row\">\n                    \n<div class=\"col-lg-6\">\n    <div class=\"institutions-card\">\n        <div class=\"post-content-top\">\n                            <div class=\"categories\">\n                                            <span>Schweiz<\/span>\n                                    <\/div>\n                        <h4>147.ch macht dich st\u00e4rker \/ Projuventute<\/h4>\n                            <a href=\"tel:147\"><span>T<\/span>147<\/a><br>\n                                                    <a href=\"https:\/\/www.147.ch\/de\/dein-kontakt-zu-uns\/\"><span>W<\/span>https:\/\/www.147.ch\/de\/dein-kontakt-zu-uns\/<\/a><br>\n            \n            <i class=\"icon-angle-down-light open-content\"><\/i>\n        <\/div>\n        <div class=\"post-content\">\n            <p>Ein Anruf auf die kostenlose Nummer 147 ist der schnellste Weg zu uns.<br \/>\nUnd so l\u00e4ufts:<\/p>\n<p>Du rufst an, h\u00f6rst eine kurze Ansage ab Band, danach klingelt es bei uns.<br \/>\nNimm dir die Zeit zum Durchatmen, bald nehmen wir deinen Anruf entgegen.<br \/>\nMach dir nicht gross Gedanken, was genau du sagen sollst. Wir kommen schon ins Gespr\u00e4ch, egal ob dein Problem klein oder gross ist.<\/p>\n        <\/div>\n\n    <\/div>\n<\/div>\n<div class=\"col-lg-6\">\n    <div class=\"institutions-card\">\n        <div class=\"post-content-top\">\n                            <div class=\"categories\">\n                                            <span>Internet CH<\/span>\n                                            <span>Luzern<\/span>\n                                            <span>Nidwalden<\/span>\n                                            <span>Obwalden<\/span>\n                                            <span>Schwyz<\/span>\n                                            <span>Uri<\/span>\n                                            <span>Zug<\/span>\n                                    <\/div>\n                        <h4>Agredis &#8211; Gewaltberatung von Mann zu Mann<\/h4>\n                            <a href=\"tel:+41 78 744 88 88\"><span>T<\/span>+41 78 744 88 88<\/a><br>\n                                        <a href=\"mailto:gewaltberatung@agredis.ch\"><span>E<\/span>gewaltberatung@agredis.ch<\/a><br>\n                                        <a href=\"https:\/\/www.agredis.ch\/\"><span>W<\/span>https:\/\/www.agredis.ch\/<\/a><br>\n            \n            <i class=\"icon-angle-down-light open-content\"><\/i>\n        <\/div>\n        <div class=\"post-content\">\n            <p>Der Verein Agredis ist eine Fach- und Beratungsstelle mit dem Zweck, ein umfassendes Dienstleistungsangebot zu organisieren, qualitative Beratungsdienstleistungen anzubieten und die \u00d6ffentlichkeit aufzukl\u00e4ren.<\/p>\n<p>Die Fach- und Beratungsstelle umfasst die Angebote:<\/p>\n<ul>\n<li>Hotline<\/li>\n<li>Einzel- und Gruppenberatungen<\/li>\n<li>Fortbildungen, Fachberatungen und Coachings<\/li>\n<li>E-Mail-Beratungen<\/li>\n<li>Auftr\u00e4ge im Rahmen der Leistungsvereinbarungen mit den Zentralschweizer Kantonen<\/li>\n<\/ul>\n<p>Adresse:<\/p>\n<p>Agredis Gewaltberatung<br \/>\nUnterlachenstrasse 12<br \/>\n6005 Luzern<\/p>\n        <\/div>\n\n    <\/div>\n<\/div>\n<div class=\"col-lg-6\">\n    <div class=\"institutions-card\">\n        <div class=\"post-content-top\">\n                            <div class=\"categories\">\n                                            <span>Aargau<\/span>\n                                    <\/div>\n                        <h4>Anlaufstelle gegen H\u00e4usliche Gewalt (AHG-Aargau)<\/h4>\n                            <a href=\"tel:+41 62 550 20 20\"><span>T<\/span>+41 62 550 20 20<\/a><br>\n                                        <a href=\"mailto:info@ahg-aargau.ch\"><span>E<\/span>info@ahg-aargau.ch<\/a><br>\n                                        <a href=\"https:\/\/www.ahg-aargau.ch\/\"><span>W<\/span>https:\/\/www.ahg-aargau.ch\/<\/a><br>\n            \n            <i class=\"icon-angle-down-light open-content\"><\/i>\n        <\/div>\n        <div class=\"post-content\">\n            <p>Die AHG-Aargau ist die kantonale Anlaufstelle gegen H\u00e4usliche Gewalt. Die AHG kontaktiert alle Beteiligten im Anschluss an eine Polizeiintervention wegen h\u00e4uslicher Gewalt. Sie ber\u00e4t und informiert Selbst- und Drittmelder*innen \u00fcber Unterst\u00fctzungsangebote und \u00fcber das weitere Vorgehen. Bei Beteiligung von Kindern werden die Kinderschutzgruppen einbezogen. Die AHG bietet zudem ein Lernprogramm oder eine Gewaltberatung f\u00fcr Gewaltaus\u00fcbende Personen an, insbesondere wenn eine beh\u00f6rdliche Anordnung oder Empfehlung vorliegt.<\/p>\n        <\/div>\n\n    <\/div>\n<\/div>\n<div class=\"col-lg-6\">\n    <div class=\"institutions-card\">\n        <div class=\"post-content-top\">\n                            <div class=\"categories\">\n                                            <span>Internet CH<\/span>\n                                            <span>Schweiz<\/span>\n                                    <\/div>\n                        <h4>Opferhilfe-Schweiz<\/h4>\n                                                    <a href=\"https:\/\/www.aide-aux-victimes.ch\/de\/\"><span>W<\/span>https:\/\/www.aide-aux-victimes.ch\/de\/<\/a><br>\n            \n            <i class=\"icon-angle-down-light open-content\"><\/i>\n        <\/div>\n        <div class=\"post-content\">\n            <p>Wir beraten Sie kostenlos, vertraulich und anonym \u2013 in der ganzen Schweiz.<\/p>\n<p>Liste der Beratungsstellen f\u00fcr Opferhilfe nach Kanton.<\/p>\n        <\/div>\n\n    <\/div>\n<\/div>\n<div class=\"col-lg-6\">\n    <div class=\"institutions-card\">\n        <div class=\"post-content-top\">\n                            <div class=\"categories\">\n                                            <span>Genf<\/span>\n                                    <\/div>\n                        <h4>Aide aux Victimes de Violence En Couple AVVEC<\/h4>\n                            <a href=\"tel:+41.22.797.10.10\"><span>T<\/span>+41.22.797.10.10<\/a><br>\n                                        <a href=\"mailto:info@avvec.ch\"><span>E<\/span>info@avvec.ch<\/a><br>\n                                        <a href=\"https:\/\/www.avvec.ch\/fr\"><span>W<\/span>https:\/\/www.avvec.ch\/fr<\/a><br>\n            \n            <i class=\"icon-angle-down-light open-content\"><\/i>\n        <\/div>\n        <div class=\"post-content\">\n            <p>psychosoziale und therapeutische Hilfe f\u00fcr Personen, die Opfer von h\u00e4uslicher Gewalt sind, und ihre Kinder bereitzustellen sowie die Bev\u00f6lkerung und die Fachwelt f\u00fcr diese Problematik zu sensibilisieren.<\/p>\n<p>Wir bieten eine Aufnahme in einem vertraulichen und sicheren Ort f\u00fcr eine begrenzte Zeit (sechs Monate). Kinder sind willkommen und Ihr Aufenthalt wird betreut (Einzelgespr\u00e4che, Gespr\u00e4chsgruppen, Mutter-Kind(er)-Gespr\u00e4che).<\/p>\n<p>Adresse:<br \/>\nRue de Montchoisy 46<br \/>\n1207 Gen\u00e8ve<\/p>\n        <\/div>\n\n    <\/div>\n<\/div>\n<div class=\"col-lg-6\">\n    <div class=\"institutions-card\">\n        <div class=\"post-content-top\">\n                            <div class=\"categories\">\n                                            <span>Wallis<\/span>\n                                    <\/div>\n                        <h4>Alternative-Violence<\/h4>\n                            <a href=\"tel:+41 27 322 99 86\"><span>T<\/span>+41 27 322 99 86<\/a><br>\n                                        <a href=\"mailto:alternative-violence@caritas-valais.ch\"><span>E<\/span>alternative-violence@caritas-valais.ch<\/a><br>\n                                        <a href=\"https:\/\/www.caritas-valais.ch\/fr\/depasser-violence-2.html\"><span>W<\/span>https:\/\/www.caritas-valais.ch\/fr\/depasser-violence-2.html<\/a><br>\n            \n            <i class=\"icon-angle-down-light open-content\"><\/i>\n        <\/div>\n        <div class=\"post-content\">\n            <p>Die Gewaltberatung Oberwallis ist ein Beratungsdienst der Caritas-Wallis, im Auftrag des Kantonalen Amtes f\u00fcr Gleichstellung und Familie, und betreut Urheberinnen von innerfamili\u00e4rer Gewalt (Art. 19ff GhG). Die Gewaltformen k\u00f6nnen k\u00f6rperlicher, psychischer, materieller, sozialer oder sexueller Natur sein. Die Gewaltberatung steht allen Personen sowie deren Bezugspersonen offen, die ihre Zukunft gewaltfrei gestalten wollen.<\/p>\n<p>Die Gewaltberatungsstelle bietet interessierten Personen freiwillige Beratungen an. Zudem k\u00f6nnen Anmeldungen \u00fcber Gerichte, \u00c4mter und Fachstellen erfolgen. Verpflichtende Beratungen werden zwingend von Gesetztes wegen durchgef\u00fchrt, wenn Personen von der Polizei aus der Wohnung ausgewiesen worden sind (Art. 18 GhG).<\/p>\n<p>&nbsp;<\/p>\n<p>Adresse:<\/p>\n<div class=\"footerAdressListItem\"><span class=\"footerAdressHeader\">Hauptsitz von Caritas Wallis<\/span><\/div>\n<p>Rue de Lo\u00e8che 19<br \/>\nCase postale 2056<br \/>\n1950 Sion<\/p>\n        <\/div>\n\n    <\/div>\n<\/div>\n<div class=\"col-lg-6\">\n    <div class=\"institutions-card\">\n        <div class=\"post-content-top\">\n                            <div class=\"categories\">\n                                            <span>Bern<\/span>\n                                    <\/div>\n                        <h4>AppElle! La Hotline Solidarit\u00e9 Femmes Berne<\/h4>\n                            <a href=\"tel:+41 31 533 03 03\"><span>T<\/span>+41 31 533 03 03<\/a><br>\n                                    \n            <i class=\"icon-angle-down-light open-content\"><\/i>\n        <\/div>\n        <div class=\"post-content\">\n            <p>Das Pilotprojekt AppElle! schliesst die bestehenden L\u00fccken in der Erreichbarkeit erfolgreich. Gewaltbetroffenen Frauen und Kindern wie auch Angeh\u00f6rigen und Fachpersonen erm\u00f6glicht es unter der Nummer 031\/ 533 03 03 rund um die Uhr Kontakt mit fachlich qualifizierten Beraterinnen. AppElle! wird auf Deutsch und Franz\u00f6sisch angeboten. Der Dienst erf\u00fcllt h\u00f6chste Anforderungen an die Schweigepflicht.<\/p>\n        <\/div>\n\n    <\/div>\n<\/div>\n<div class=\"col-lg-6\">\n    <div class=\"institutions-card\">\n        <div class=\"post-content-top\">\n                            <div class=\"categories\">\n                                            <span>Genf<\/span>\n                                    <\/div>\n                        <h4>Arabelle &#8211; Wohnheim mit Kindertagesst\u00e4tte<\/h4>\n                            <a href=\"tel:+41 22 792 70 85\"><span>T<\/span>+41 22 792 70 85<\/a><br>\n                                        <a href=\"mailto:info@foyerarabelle.ch\"><span>E<\/span>info@foyerarabelle.ch<\/a><br>\n                                        <a href=\"https:\/\/foyerarabelle.ch\/\"><span>W<\/span>https:\/\/foyerarabelle.ch\/<\/a><br>\n            \n            <i class=\"icon-angle-down-light open-content\"><\/i>\n        <\/div>\n        <div class=\"post-content\">\n            <div class=\"fusion-text\">\n<p>Seit 60 Jahren besteht die Aufgabe der Association Foyer Arabelle darin, Frauen und Kinder in Schwierigkeiten zu begleiten.<\/p>\n<p>Arabelle bietet ein <strong>Wohnheim <\/strong>mit Evaluation und sozialp\u00e4dagogischer Begleitung, eine <strong>Kindertagesst\u00e4tte<\/strong> f\u00fcr die Kinder des Heims und des Viertels sowie <strong>ambulante Leistungen <\/strong>vor, nach oder unabh\u00e4ngig vom Aufenthalt.<\/p>\n<div class=\"fusion-text\">\n<p class=\"fusion-responsive-typography-calculated\" data-fontsize=\"20\" data-lineheight=\"30px\">Adresse:<\/p>\n<\/div>\n<div class=\"fusion-text\">\n<p>Avenue des Grandes-Communes 64<\/p>\n<p>1213 Onex<\/p>\n<\/div>\n<\/div>\n        <\/div>\n\n    <\/div>\n<\/div>\n                                    <\/div>\n                                    <div class=\"text-center spinner\">\n                        <img decoding=\"async\" src=\"https:\/\/www.kidstoo.ch\/app\/themes\/child\/assets\/images\/spinner.svg\" class=\"load-more-btn\" data-count-post=\"8\" data-post-per-page=\"8\">\n                    <\/div>\n                            <\/div>\n            <\/div>\n    \n    ","protected":false},"excerpt":{"rendered":"<p>Es gibt eine gro\u00dfe Anzahl von Institutionen, Organisationen und Verb\u00e4nden, die sich mit Gewalt im Allgemeinen sowie h\u00e4uslicher Gewalt und Gewalt in der Ehe (mit oder ohne Kinder) im Besonderen auseinandersetzen.Mit Hilfe der Suchfunktion m\u00f6chte die Stiftung KidsToo die Suche nach Ansprechpartner hinsichtlich Standort, Kompetenz und allgemeiner Suchbegriffe erleichtern.Wenn Sie einen neuen Eintrag hinzuf\u00fcgen m\u00f6chten, [&hellip;]<\/p>\n","protected":false},"author":8,"featured_media":0,"parent":2423,"menu_order":3,"comment_status":"closed","ping_status":"closed","template":"","meta":{"_acf_changed":false,"footnotes":""},"class_list":["post-2540","page","type-page","status-publish","hentry"],"acf":[],"aioseo_notices":[],"_links":{"self":[{"href":"https:\/\/www.kidstoo.ch\/de\/wp-json\/wp\/v2\/pages\/2540","targetHints":{"allow":["GET"]}}],"collection":[{"href":"https:\/\/www.kidstoo.ch\/de\/wp-json\/wp\/v2\/pages"}],"about":[{"href":"https:\/\/www.kidstoo.ch\/de\/wp-json\/wp\/v2\/types\/page"}],"author":[{"embeddable":true,"href":"https:\/\/www.kidstoo.ch\/de\/wp-json\/wp\/v2\/users\/8"}],"replies":[{"embeddable":true,"href":"https:\/\/www.kidstoo.ch\/de\/wp-json\/wp\/v2\/comments?post=2540"}],"version-history":[{"count":4,"href":"https:\/\/www.kidstoo.ch\/de\/wp-json\/wp\/v2\/pages\/2540\/revisions"}],"predecessor-version":[{"id":3983,"href":"https:\/\/www.kidstoo.ch\/de\/wp-json\/wp\/v2\/pages\/2540\/revisions\/3983"}],"up":[{"embeddable":true,"href":"https:\/\/www.kidstoo.ch\/de\/wp-json\/wp\/v2\/pages\/2423"}],"wp:attachment":[{"href":"https:\/\/www.kidstoo.ch\/de\/wp-json\/wp\/v2\/media?parent=2540"}],"curies":[{"name":"wp","href":"https:\/\/api.w.org\/{rel}","templated":true}]}}